{"id":168,"date":"2025-06-03T11:29:03","date_gmt":"2025-06-03T14:29:03","guid":{"rendered":"http:\/\/concejo.rdb-ti.com\/?page_id=168"},"modified":"2025-12-12T09:40:47","modified_gmt":"2025-12-12T12:40:47","slug":"noticias","status":"publish","type":"page","link":"https:\/\/cdsalta.gob.ar\/index.php\/noticias\/","title":{"rendered":"Noticias"},"content":{"rendered":"\n<div class=\"wp-block-uagb-advanced-heading uagb-block-ab377444\"><h2 class=\"uagb-heading-text\">Noticias Destacadas<\/h2><\/div>\n\n\n\n\t\t\t<div class=\"wp-block-uagb-post-grid uagb-post-grid  uagb-post__image-position-top uagb-post__image-enabled uagb-block-ecf0c0b8     uagb-post__items uagb-post__columns-3 is-grid uagb-post__columns-tablet-2 uagb-post__columns-mobile-1 uagb-post__equal-height\" data-total=\"0\" style=\"\">\n\n\t\t\t\t\t\t\t\t\t<p class=\"uagb-post__no-posts\">\n\t\t\t\t\t\t\t\t\t\t\t<\/p>\n\t\t\t\t\t\t\t\t<\/div>\n\t\t\t\n\n\n<hr class=\"wp-block-separator has-alpha-channel-opacity is-style-wide\"\/>\n\n\n\n<div class=\"wp-block-uagb-advanced-heading uagb-block-d499f4ca\"><h2 class=\"uagb-heading-text\">\u00daltimas Noticias<\/h2><\/div>\n\n\n\n<div class=\"wp-block-uagb-container uag-hide-tab uag-hide-mob uagb-layout-grid uagb-block-7c0dbba5 default uagb-is-root-container\"><form  class=\"is-search-form is-form-style is-form-style-1 is-form-id-3576 \" action=\"https:\/\/cdsalta.gob.ar\/\" method=\"get\" role=\"search\" ><label for=\"is-search-input-3576\"><span class=\"is-screen-reader-text\">Buscar:<\/span><input  type=\"search\" id=\"is-search-input-3576\" name=\"s\" value=\"\" class=\"is-search-input\" placeholder=\"Buscar noticia...\" autocomplete=off \/><\/label><input type=\"submit\" value=\"Buscar\" class=\"is-search-submit\" \/><input type=\"hidden\" name=\"id\" value=\"3576\" \/><input type=\"hidden\" name=\"post_type\" value=\"post\" \/><\/form>\n<\/div>\n\n\n\n<div class=\"wp-block-uagb-container uag-hide-desktop uagb-layout-grid uagb-block-c6ab0476 alignfull uagb-is-root-container\"><div class=\"uagb-container-inner-blocks-wrap\"><form  class=\"is-search-form is-form-style is-form-style-1 is-form-id-3576 \" action=\"https:\/\/cdsalta.gob.ar\/\" method=\"get\" role=\"search\" ><label for=\"is-search-input-3576\"><span class=\"is-screen-reader-text\">Buscar:<\/span><input  type=\"search\" id=\"is-search-input-3576\" name=\"s\" value=\"\" class=\"is-search-input\" placeholder=\"Buscar noticia...\" autocomplete=off \/><\/label><input type=\"submit\" value=\"Buscar\" class=\"is-search-submit\" \/><input type=\"hidden\" name=\"id\" value=\"3576\" \/><input type=\"hidden\" name=\"post_type\" value=\"post\" \/><\/form>\n<\/div><\/div>\n\n\n\n<div class=\"wp-block-uagb-container uagb-block-e8d4e06d alignfull uagb-is-root-container\"><div class=\"uagb-container-inner-blocks-wrap\">\n\t\t\t<div class=\"wp-block-uagb-post-grid uagb-post-grid  uagb-post__image-position-top uagb-post__image-enabled uagb-block-39f54974     uagb-post__items uagb-post__columns-3 is-grid uagb-post__columns-tablet-2 uagb-post__columns-mobile-1 uagb-post__equal-height uagb-equal_height_inline-read-more-buttons\" data-total=\"155\" style=\"\">\n\n\t\t\t\t\t\t\t\t\t\t\t\t<article class=\"uagb-post__inner-wrap\">\t\t\t\t\t\t\t\t<div class='uagb-post__image'>\n\t\t\t\t\t\t\t\t\t<a href=\"https:\/\/cdsalta.gob.ar\/index.php\/2026\/04\/24\/concejales-y-empleados-del-cd-participaron-de-una-jornada-de-capacitacion-integral-en-materia-ambiental\/\" target=\"_blank\" rel=\"bookmark noopener noreferrer\" class='uagb-image-ratio-inherit'><img loading=\"lazy\" decoding=\"async\" width=\"799\" height=\"533\" src=\"https:\/\/cdsalta.gob.ar\/wp-content\/uploads\/2026\/04\/55227919548_eb54d49a23_c.jpg\" class=\"attachment-large size-large\" alt=\"\" srcset=\"https:\/\/cdsalta.gob.ar\/wp-content\/uploads\/2026\/04\/55227919548_eb54d49a23_c.jpg 799w, https:\/\/cdsalta.gob.ar\/wp-content\/uploads\/2026\/04\/55227919548_eb54d49a23_c-300x200.jpg 300w, https:\/\/cdsalta.gob.ar\/wp-content\/uploads\/2026\/04\/55227919548_eb54d49a23_c-768x512.jpg 768w\" sizes=\"auto, (max-width: 799px) 100vw, 799px\" \/>\t\t\t\t\t<\/a>\n\t\t\t\t\t\t\t<\/div>\n\t\t\t\t\t\t<h3 class=\"uagb-post__title uagb-post__text\">\n\t\t\t\t<a href=\"https:\/\/cdsalta.gob.ar\/index.php\/2026\/04\/24\/concejales-y-empleados-del-cd-participaron-de-una-jornada-de-capacitacion-integral-en-materia-ambiental\/\" target=\"_blank\" rel=\"bookmark noopener noreferrer\"><span style='font-size:16px;font-weight:normal;'>En el marco de la Ley Nacional N\u00b0 27.592, denominada Ley Yolanda<\/span> <br> <span style='font-size:20px;font-weight:bold;'>Concejales y empleados del CD participaron de una jornada de capacitaci\u00f3n integral en materia ambiental<\/span><\/a>\n\t\t\t<\/h3>\n\t\t\t\t\t\t<div class='uagb-post__text uagb-post-grid-byline'>\n\t\t\t\t\t\t\t\t<time datetime=\"2026-04-24T13:48:00-03:00\" class=\"uagb-post__date\">\n\t\t\t\t<span class=\"dashicons-calendar dashicons\"><\/span>\t\t\t\t\t24 abril, 2026\t\t\t\t<\/time>\n\t\t\t\t\t\t<\/div>\n\t\t\t\t\t\t\t<div class='uagb-post__text uagb-post__excerpt'>\n\t\t\t\t\t<p>Esta ma\u00f1ana, en el Hall del CD, se llev\u00f3 a cabo la primera jornada de&#8230;\t\t\t\t<\/div>\n\t\t\t\t\t\t<div class=\"uagb-post__text uagb-post__cta wp-block-button\">\n\t\t\t\t<a class=\"wp-block-button__link uagb-text-link\" style=\"\" href=\"https:\/\/cdsalta.gob.ar\/index.php\/2026\/04\/24\/concejales-y-empleados-del-cd-participaron-de-una-jornada-de-capacitacion-integral-en-materia-ambiental\/\" target=\"_blank\" rel=\"bookmark noopener noreferrer\">Ver m\u00e1s<\/a>\n\t\t\t<\/div>\n\t\t\t\n\t\t\t\t\t\t\t\t\t<\/article>\n\t\t\t\t\t\t\t\t\t\t\t\t\t\t\t\t<article class=\"uagb-post__inner-wrap\">\t\t\t\t\t\t\t\t<div class='uagb-post__image'>\n\t\t\t\t\t\t\t\t\t<a href=\"https:\/\/cdsalta.gob.ar\/index.php\/2026\/04\/24\/visto-bueno-a-iniciativas-que-proponen-cambios-en-las-normativas-de-habilitaciones-comerciales-y-postes-en-la-via-publica\/\" target=\"_blank\" rel=\"bookmark noopener noreferrer\" class='uagb-image-ratio-inherit'><img loading=\"lazy\" decoding=\"async\" width=\"799\" height=\"533\" src=\"https:\/\/cdsalta.gob.ar\/wp-content\/uploads\/2026\/04\/55225785071_517851d84e_c.jpg\" class=\"attachment-large size-large\" alt=\"\" srcset=\"https:\/\/cdsalta.gob.ar\/wp-content\/uploads\/2026\/04\/55225785071_517851d84e_c.jpg 799w, https:\/\/cdsalta.gob.ar\/wp-content\/uploads\/2026\/04\/55225785071_517851d84e_c-300x200.jpg 300w, https:\/\/cdsalta.gob.ar\/wp-content\/uploads\/2026\/04\/55225785071_517851d84e_c-768x512.jpg 768w\" sizes=\"auto, (max-width: 799px) 100vw, 799px\" \/>\t\t\t\t\t<\/a>\n\t\t\t\t\t\t\t<\/div>\n\t\t\t\t\t\t<h3 class=\"uagb-post__title uagb-post__text\">\n\t\t\t\t<a href=\"https:\/\/cdsalta.gob.ar\/index.php\/2026\/04\/24\/visto-bueno-a-iniciativas-que-proponen-cambios-en-las-normativas-de-habilitaciones-comerciales-y-postes-en-la-via-publica\/\" target=\"_blank\" rel=\"bookmark noopener noreferrer\"><span style='font-size:16px;font-weight:normal;'>Se agregan dos Proyectos de Resoluci\u00f3n<\/span> <br> <span style='font-size:20px;font-weight:bold;'>Visto bueno a iniciativas que proponen cambios en  las normativas de habilitaciones comerciales y postes en la v\u00eda p\u00fablica<\/span><\/a>\n\t\t\t<\/h3>\n\t\t\t\t\t\t<div class='uagb-post__text uagb-post-grid-byline'>\n\t\t\t\t\t\t\t\t<time datetime=\"2026-04-24T13:47:35-03:00\" class=\"uagb-post__date\">\n\t\t\t\t<span class=\"dashicons-calendar dashicons\"><\/span>\t\t\t\t\t24 abril, 2026\t\t\t\t<\/time>\n\t\t\t\t\t\t<\/div>\n\t\t\t\t\t\t\t<div class='uagb-post__text uagb-post__excerpt'>\n\t\t\t\t\t<p>En el marco de una nueva reuni\u00f3n de la Comisi\u00f3n de Servicios P\u00fablicos, Actividades Comerciales&#8230;\t\t\t\t<\/div>\n\t\t\t\t\t\t<div class=\"uagb-post__text uagb-post__cta wp-block-button\">\n\t\t\t\t<a class=\"wp-block-button__link uagb-text-link\" style=\"\" href=\"https:\/\/cdsalta.gob.ar\/index.php\/2026\/04\/24\/visto-bueno-a-iniciativas-que-proponen-cambios-en-las-normativas-de-habilitaciones-comerciales-y-postes-en-la-via-publica\/\" target=\"_blank\" rel=\"bookmark noopener noreferrer\">Ver m\u00e1s<\/a>\n\t\t\t<\/div>\n\t\t\t\n\t\t\t\t\t\t\t\t\t<\/article>\n\t\t\t\t\t\t\t\t\t\t\t\t\t\t\t\t<article class=\"uagb-post__inner-wrap\">\t\t\t\t\t\t\t\t<div class='uagb-post__image'>\n\t\t\t\t\t\t\t\t\t<a href=\"https:\/\/cdsalta.gob.ar\/index.php\/2026\/04\/24\/ediles-dictaminaron-a-favor-de-proyectos-vinculados-al-cuidado-del-medio-ambiente-y-al-fortalecimiento-de-la-seguridad-en-la-ciudad\/\" target=\"_blank\" rel=\"bookmark noopener noreferrer\" class='uagb-image-ratio-inherit'><img loading=\"lazy\" decoding=\"async\" width=\"799\" height=\"533\" src=\"https:\/\/cdsalta.gob.ar\/wp-content\/uploads\/2026\/04\/55227759176_3550b16dc0_c.jpg\" class=\"attachment-large size-large\" alt=\"\" srcset=\"https:\/\/cdsalta.gob.ar\/wp-content\/uploads\/2026\/04\/55227759176_3550b16dc0_c.jpg 799w, https:\/\/cdsalta.gob.ar\/wp-content\/uploads\/2026\/04\/55227759176_3550b16dc0_c-300x200.jpg 300w, https:\/\/cdsalta.gob.ar\/wp-content\/uploads\/2026\/04\/55227759176_3550b16dc0_c-768x512.jpg 768w\" sizes=\"auto, (max-width: 799px) 100vw, 799px\" \/>\t\t\t\t\t<\/a>\n\t\t\t\t\t\t\t<\/div>\n\t\t\t\t\t\t<h3 class=\"uagb-post__title uagb-post__text\">\n\t\t\t\t<a href=\"https:\/\/cdsalta.gob.ar\/index.php\/2026\/04\/24\/ediles-dictaminaron-a-favor-de-proyectos-vinculados-al-cuidado-del-medio-ambiente-y-al-fortalecimiento-de-la-seguridad-en-la-ciudad\/\" target=\"_blank\" rel=\"bookmark noopener noreferrer\"><span style='font-size:16px;font-weight:normal;'>Se trata de Proyectos de Resoluci\u00f3n y de Declaraci\u00f3n<\/span> <br> <span style='font-size:20px;font-weight:bold;'>Ediles dictaminaron a favor de Proyectos vinculados al cuidado del medio ambiente y al fortalecimiento de la seguridad en la ciudad<\/span><\/a>\n\t\t\t<\/h3>\n\t\t\t\t\t\t<div class='uagb-post__text uagb-post-grid-byline'>\n\t\t\t\t\t\t\t\t<time datetime=\"2026-04-24T13:46:27-03:00\" class=\"uagb-post__date\">\n\t\t\t\t<span class=\"dashicons-calendar dashicons\"><\/span>\t\t\t\t\t24 abril, 2026\t\t\t\t<\/time>\n\t\t\t\t\t\t<\/div>\n\t\t\t\t\t\t\t<div class='uagb-post__text uagb-post__excerpt'>\n\t\t\t\t\t<p>En el marco de una nueva reuni\u00f3n de la Comisi\u00f3n de Medio Ambiente, Higiene y&#8230;\t\t\t\t<\/div>\n\t\t\t\t\t\t<div class=\"uagb-post__text uagb-post__cta wp-block-button\">\n\t\t\t\t<a class=\"wp-block-button__link uagb-text-link\" style=\"\" href=\"https:\/\/cdsalta.gob.ar\/index.php\/2026\/04\/24\/ediles-dictaminaron-a-favor-de-proyectos-vinculados-al-cuidado-del-medio-ambiente-y-al-fortalecimiento-de-la-seguridad-en-la-ciudad\/\" target=\"_blank\" rel=\"bookmark noopener noreferrer\">Ver m\u00e1s<\/a>\n\t\t\t<\/div>\n\t\t\t\n\t\t\t\t\t\t\t\t\t<\/article>\n\t\t\t\t\t\t\t\t\t\t\t\t\t\t\t\t<article class=\"uagb-post__inner-wrap\">\t\t\t\t\t\t\t\t<div class='uagb-post__image'>\n\t\t\t\t\t\t\t\t\t<a href=\"https:\/\/cdsalta.gob.ar\/index.php\/2026\/04\/24\/se-reunio-hoy-la-comision-de-disciplina-del-concejo-deliberante\/\" target=\"_blank\" rel=\"bookmark noopener noreferrer\" class='uagb-image-ratio-inherit'><img loading=\"lazy\" decoding=\"async\" width=\"799\" height=\"522\" src=\"https:\/\/cdsalta.gob.ar\/wp-content\/uploads\/2026\/04\/55227919958_4b108a0a89_c.jpg\" class=\"attachment-large size-large\" alt=\"\" srcset=\"https:\/\/cdsalta.gob.ar\/wp-content\/uploads\/2026\/04\/55227919958_4b108a0a89_c.jpg 799w, https:\/\/cdsalta.gob.ar\/wp-content\/uploads\/2026\/04\/55227919958_4b108a0a89_c-300x196.jpg 300w, https:\/\/cdsalta.gob.ar\/wp-content\/uploads\/2026\/04\/55227919958_4b108a0a89_c-768x502.jpg 768w\" sizes=\"auto, (max-width: 799px) 100vw, 799px\" \/>\t\t\t\t\t<\/a>\n\t\t\t\t\t\t\t<\/div>\n\t\t\t\t\t\t<h3 class=\"uagb-post__title uagb-post__text\">\n\t\t\t\t<a href=\"https:\/\/cdsalta.gob.ar\/index.php\/2026\/04\/24\/se-reunio-hoy-la-comision-de-disciplina-del-concejo-deliberante\/\" target=\"_blank\" rel=\"bookmark noopener noreferrer\"><span style='font-size:16px;font-weight:normal;'>Continuaron el an\u00e1lisis de hechos vinculados a la situaci\u00f3n de un concejal<\/span> <br> <span style='font-size:20px;font-weight:bold;'>Se reuni\u00f3 hoy la Comisi\u00f3n de  Disciplina del Concejo Deliberante<\/span><\/a>\n\t\t\t<\/h3>\n\t\t\t\t\t\t<div class='uagb-post__text uagb-post-grid-byline'>\n\t\t\t\t\t\t\t\t<time datetime=\"2026-04-24T13:46:06-03:00\" class=\"uagb-post__date\">\n\t\t\t\t<span class=\"dashicons-calendar dashicons\"><\/span>\t\t\t\t\t24 abril, 2026\t\t\t\t<\/time>\n\t\t\t\t\t\t<\/div>\n\t\t\t\t\t\t\t<div class='uagb-post__text uagb-post__excerpt'>\n\t\t\t\t\t<p>En la ma\u00f1ana de hoy se reuni\u00f3 la Comisi\u00f3n de Disciplina, Juicio Pol\u00edtico y Responsabilidad&#8230;\t\t\t\t<\/div>\n\t\t\t\t\t\t<div class=\"uagb-post__text uagb-post__cta wp-block-button\">\n\t\t\t\t<a class=\"wp-block-button__link uagb-text-link\" style=\"\" href=\"https:\/\/cdsalta.gob.ar\/index.php\/2026\/04\/24\/se-reunio-hoy-la-comision-de-disciplina-del-concejo-deliberante\/\" target=\"_blank\" rel=\"bookmark noopener noreferrer\">Ver m\u00e1s<\/a>\n\t\t\t<\/div>\n\t\t\t\n\t\t\t\t\t\t\t\t\t<\/article>\n\t\t\t\t\t\t\t\t\t\t\t\t\t\t\t\t<article class=\"uagb-post__inner-wrap\">\t\t\t\t\t\t\t\t<div class='uagb-post__image'>\n\t\t\t\t\t\t\t\t\t<a href=\"https:\/\/cdsalta.gob.ar\/index.php\/2026\/04\/24\/el-lunes-se-realizara-el-izamiento-de-la-bandera-de-israel-en-los-mastiles-del-cd\/\" target=\"_blank\" rel=\"bookmark noopener noreferrer\" class='uagb-image-ratio-inherit'><img loading=\"lazy\" decoding=\"async\" width=\"799\" height=\"533\" src=\"https:\/\/cdsalta.gob.ar\/wp-content\/uploads\/2025\/08\/Edificio.jpg\" class=\"attachment-large size-large\" alt=\"\" srcset=\"https:\/\/cdsalta.gob.ar\/wp-content\/uploads\/2025\/08\/Edificio.jpg 799w, https:\/\/cdsalta.gob.ar\/wp-content\/uploads\/2025\/08\/Edificio-300x200.jpg 300w, https:\/\/cdsalta.gob.ar\/wp-content\/uploads\/2025\/08\/Edificio-768x512.jpg 768w\" sizes=\"auto, (max-width: 799px) 100vw, 799px\" \/>\t\t\t\t\t<\/a>\n\t\t\t\t\t\t\t<\/div>\n\t\t\t\t\t\t<h3 class=\"uagb-post__title uagb-post__text\">\n\t\t\t\t<a href=\"https:\/\/cdsalta.gob.ar\/index.php\/2026\/04\/24\/el-lunes-se-realizara-el-izamiento-de-la-bandera-de-israel-en-los-mastiles-del-cd\/\" target=\"_blank\" rel=\"bookmark noopener noreferrer\"><span style='font-size:16px;font-weight:normal;'>En conmemoraci\u00f3n del 78\u00b0 Aniversario de la Declaraci\u00f3n de la Independencia del pa\u00eds<\/span> <br> <span style='font-size:20px;font-weight:bold;'>El lunes se realizar\u00e1 el izamiento de la bandera de Israel en los m\u00e1stiles del CD<\/span><\/a>\n\t\t\t<\/h3>\n\t\t\t\t\t\t<div class='uagb-post__text uagb-post-grid-byline'>\n\t\t\t\t\t\t\t\t<time datetime=\"2026-04-24T13:46:03-03:00\" class=\"uagb-post__date\">\n\t\t\t\t<span class=\"dashicons-calendar dashicons\"><\/span>\t\t\t\t\t24 abril, 2026\t\t\t\t<\/time>\n\t\t\t\t\t\t<\/div>\n\t\t\t\t\t\t\t<div class='uagb-post__text uagb-post__excerpt'>\n\t\t\t\t\t<p>Este lunes 27, a horas 10.30, en el Patio de las Banderas del Concejo Deliberante&#8230;\t\t\t\t<\/div>\n\t\t\t\t\t\t<div class=\"uagb-post__text uagb-post__cta wp-block-button\">\n\t\t\t\t<a class=\"wp-block-button__link uagb-text-link\" style=\"\" href=\"https:\/\/cdsalta.gob.ar\/index.php\/2026\/04\/24\/el-lunes-se-realizara-el-izamiento-de-la-bandera-de-israel-en-los-mastiles-del-cd\/\" target=\"_blank\" rel=\"bookmark noopener noreferrer\">Ver m\u00e1s<\/a>\n\t\t\t<\/div>\n\t\t\t\n\t\t\t\t\t\t\t\t\t<\/article>\n\t\t\t\t\t\t\t\t\t\t\t\t\t\t\t\t<article class=\"uagb-post__inner-wrap\">\t\t\t\t\t\t\t\t<div class='uagb-post__image'>\n\t\t\t\t\t\t\t\t\t<a href=\"https:\/\/cdsalta.gob.ar\/index.php\/2026\/04\/24\/reuniones-de-comision-52\/\" target=\"_blank\" rel=\"bookmark noopener noreferrer\" class='uagb-image-ratio-inherit'><img loading=\"lazy\" decoding=\"async\" width=\"640\" height=\"447\" src=\"https:\/\/cdsalta.gob.ar\/wp-content\/uploads\/2025\/10\/edificio.jpg\" class=\"attachment-large size-large\" alt=\"\" srcset=\"https:\/\/cdsalta.gob.ar\/wp-content\/uploads\/2025\/10\/edificio.jpg 640w, https:\/\/cdsalta.gob.ar\/wp-content\/uploads\/2025\/10\/edificio-300x210.jpg 300w\" sizes=\"auto, (max-width: 640px) 100vw, 640px\" \/>\t\t\t\t\t<\/a>\n\t\t\t\t\t\t\t<\/div>\n\t\t\t\t\t\t<h3 class=\"uagb-post__title uagb-post__text\">\n\t\t\t\t<a href=\"https:\/\/cdsalta.gob.ar\/index.php\/2026\/04\/24\/reuniones-de-comision-52\/\" target=\"_blank\" rel=\"bookmark noopener noreferrer\"><span style='font-size:16px;font-weight:normal;'>Lunes 27 de marzo<\/span> <br> <span style='font-size:20px;font-weight:bold;'>Reuniones de Comisi\u00f3n<\/span><\/a>\n\t\t\t<\/h3>\n\t\t\t\t\t\t<div class='uagb-post__text uagb-post-grid-byline'>\n\t\t\t\t\t\t\t\t<time datetime=\"2026-04-24T13:45:42-03:00\" class=\"uagb-post__date\">\n\t\t\t\t<span class=\"dashicons-calendar dashicons\"><\/span>\t\t\t\t\t24 abril, 2026\t\t\t\t<\/time>\n\t\t\t\t\t\t<\/div>\n\t\t\t\t\t\t\t<div class='uagb-post__text uagb-post__excerpt'>\n\t\t\t\t\t<p>De acuerdo a lo informado por los presidentes de las diferentes Comisiones, se realizar\u00e1n las&#8230;\t\t\t\t<\/div>\n\t\t\t\t\t\t<div class=\"uagb-post__text uagb-post__cta wp-block-button\">\n\t\t\t\t<a class=\"wp-block-button__link uagb-text-link\" style=\"\" href=\"https:\/\/cdsalta.gob.ar\/index.php\/2026\/04\/24\/reuniones-de-comision-52\/\" target=\"_blank\" rel=\"bookmark noopener noreferrer\">Ver m\u00e1s<\/a>\n\t\t\t<\/div>\n\t\t\t\n\t\t\t\t\t\t\t\t\t<\/article>\n\t\t\t\t\t\t\t\t\t\t\t\t\t<div class=\"uagb-post-pagination-wrap\">\n\t\t\t\t\t\t<span aria-current=\"page\" class=\"page-numbers current\">1<\/span>\n<a class=\"page-numbers\" href=\"https:\/\/cdsalta.gob.ar\/index.php\/wp-json\/wp\/v2\/pages\/168\/page\/2\/\">2<\/a>\n<a class=\"page-numbers\" href=\"https:\/\/cdsalta.gob.ar\/index.php\/wp-json\/wp\/v2\/pages\/168\/page\/3\/\">3<\/a>\n<a class=\"page-numbers\" href=\"https:\/\/cdsalta.gob.ar\/index.php\/wp-json\/wp\/v2\/pages\/168\/page\/4\/\">4<\/a>\n<a class=\"page-numbers\" href=\"https:\/\/cdsalta.gob.ar\/index.php\/wp-json\/wp\/v2\/pages\/168\/page\/5\/\">5<\/a>\n<span class=\"page-numbers dots\">&hellip;<\/span>\n<a class=\"page-numbers\" href=\"https:\/\/cdsalta.gob.ar\/index.php\/wp-json\/wp\/v2\/pages\/168\/page\/97\/\">97<\/a>\n<a class=\"page-numbers\" href=\"https:\/\/cdsalta.gob.ar\/index.php\/wp-json\/wp\/v2\/pages\/168\/page\/98\/\">98<\/a>\n<a class=\"page-numbers\" href=\"https:\/\/cdsalta.gob.ar\/index.php\/wp-json\/wp\/v2\/pages\/168\/page\/99\/\">99<\/a>\n<a class=\"page-numbers\" href=\"https:\/\/cdsalta.gob.ar\/index.php\/wp-json\/wp\/v2\/pages\/168\/page\/100\/\">100<\/a>\n<a class=\"next page-numbers\" href=\"https:\/\/cdsalta.gob.ar\/index.php\/wp-json\/wp\/v2\/pages\/168\/page\/2\/\">Siguiente \u00bb<\/a>\t\t\t\t\t<\/div>\n\t\t\t\t\t\t\t\t<\/div>\n\t\t\t<\/div><\/div>\n","protected":false},"excerpt":{"rendered":"<p>Noticias Destacadas \u00daltimas Noticias<\/p>\n","protected":false},"author":1,"featured_media":0,"parent":0,"menu_order":0,"comment_status":"closed","ping_status":"closed","template":"","meta":{"_uag_custom_page_level_css":"","site-sidebar-layout":"default","site-content-layout":"","ast-site-content-layout":"","site-content-style":"default","site-sidebar-style":"default","ast-global-header-display":"","ast-banner-title-visibility":"","ast-main-header-display":"","ast-hfb-above-header-display":"","ast-hfb-below-header-display":"","ast-hfb-mobile-header-display":"","site-post-title":"disabled","ast-breadcrumbs-content":"","ast-featured-img":"","footer-sml-layout":"","ast-disable-related-posts":"","theme-transparent-header-meta":"","adv-header-id-meta":"","stick-header-meta":"","header-above-stick-meta":"","header-main-stick-meta":"","header-below-stick-meta":"","astra-migrate-meta-layouts":"default","ast-page-background-enabled":"default","ast-page-background-meta":{"desktop":{"background-color":"var(--ast-global-color-5)","background-image":"","background-repeat":"repeat","background-position":"center center","background-size":"auto","background-attachment":"scroll","background-type":"","background-media":"","overlay-type":"","overlay-color":"","overlay-opacity":"","overlay-gradient":""},"tablet":{"background-color":"","background-image":"","background-repeat":"repeat","background-position":"center center","background-size":"auto","background-attachment":"scroll","background-type":"","background-media":"","overlay-type":"","overlay-color":"","overlay-opacity":"","overlay-gradient":""},"mobile":{"background-color":"","background-image":"","background-repeat":"repeat","background-position":"center center","background-size":"auto","background-attachment":"scroll","background-type":"","background-media":"","overlay-type":"","overlay-color":"","overlay-opacity":"","overlay-gradient":""}},"ast-content-background-meta":{"desktop":{"background-color":"var(--ast-global-color-4)","background-image":"","background-repeat":"repeat","background-position":"center center","background-size":"auto","background-attachment":"scroll","background-type":"","background-media":"","overlay-type":"","overlay-color":"","overlay-opacity":"","overlay-gradient":""},"tablet":{"background-color":"var(--ast-global-color-4)","background-image":"","background-repeat":"repeat","background-position":"center center","background-size":"auto","background-attachment":"scroll","background-type":"","background-media":"","overlay-type":"","overlay-color":"","overlay-opacity":"","overlay-gradient":""},"mobile":{"background-color":"var(--ast-global-color-4)","background-image":"","background-repeat":"repeat","background-position":"center center","background-size":"auto","background-attachment":"scroll","background-type":"","background-media":"","overlay-type":"","overlay-color":"","overlay-opacity":"","overlay-gradient":""}},"footnotes":""},"class_list":["post-168","page","type-page","status-publish","hentry"],"uagb_featured_image_src":{"full":false,"thumbnail":false,"medium":false,"medium_large":false,"large":false,"1536x1536":false,"2048x2048":false,"mailpoet_newsletter_max":false},"uagb_author_info":{"display_name":"cdsistema","author_link":"https:\/\/cdsalta.gob.ar\/index.php\/author\/cdsistema\/"},"uagb_comment_info":0,"uagb_excerpt":"Noticias Destacadas \u00daltimas Noticias","_links":{"self":[{"href":"https:\/\/cdsalta.gob.ar\/index.php\/wp-json\/wp\/v2\/pages\/168","targetHints":{"allow":["GET"]}}],"collection":[{"href":"https:\/\/cdsalta.gob.ar\/index.php\/wp-json\/wp\/v2\/pages"}],"about":[{"href":"https:\/\/cdsalta.gob.ar\/index.php\/wp-json\/wp\/v2\/types\/page"}],"author":[{"embeddable":true,"href":"https:\/\/cdsalta.gob.ar\/index.php\/wp-json\/wp\/v2\/users\/1"}],"replies":[{"embeddable":true,"href":"https:\/\/cdsalta.gob.ar\/index.php\/wp-json\/wp\/v2\/comments?post=168"}],"version-history":[{"count":34,"href":"https:\/\/cdsalta.gob.ar\/index.php\/wp-json\/wp\/v2\/pages\/168\/revisions"}],"predecessor-version":[{"id":5017,"href":"https:\/\/cdsalta.gob.ar\/index.php\/wp-json\/wp\/v2\/pages\/168\/revisions\/5017"}],"wp:attachment":[{"href":"https:\/\/cdsalta.gob.ar\/index.php\/wp-json\/wp\/v2\/media?parent=168"}],"curies":[{"name":"wp","href":"https:\/\/api.w.org\/{rel}","templated":true}]}}