{"id":8,"date":"2025-06-02T10:50:16","date_gmt":"2025-06-02T13:50:16","guid":{"rendered":"http:\/\/concejo.rdb-ti.com\/?page_id=8"},"modified":"2026-04-22T16:07:51","modified_gmt":"2026-04-22T19:07:51","slug":"inicio","status":"publish","type":"page","link":"https:\/\/cdsalta.gob.ar\/","title":{"rendered":"Inicio"},"content":{"rendered":"\n<div class=\"wp-block-uagb-container uag-hide-mob uagb-block-ba55c150 alignfull uagb-is-root-container\"><div class=\"uagb-container__video-wrap\"><video autoplay loop muted playsinline><source src=\"https:\/\/cdsalta.gob.ar\/wp-content\/uploads\/2025\/06\/banner.mp4\" type=\"video\/mp4\"\/><\/video><\/div><\/div>\n\n\n\n<div class=\"wp-block-uagb-container uagb-block-17ce31c9 alignwide uagb-is-root-container\">\n<h2 class=\"wp-block-heading has-text-align-center\" style=\"font-size:50px\">Servicios<\/h2>\n<\/div>\n\n\n\n<div class=\"wp-block-uagb-container uagb-block-74dacf9c alignwide uagb-is-root-container\">\n<div class=\"wp-block-columns is-layout-flex wp-container-core-columns-is-layout-28f84493 wp-block-columns-is-layout-flex\">\n<div class=\"wp-block-column is-layout-flow wp-block-column-is-layout-flow\">\n<div class=\"wp-block-uagb-image uagb-block-f2456d60 wp-block-uagb-image--layout-default wp-block-uagb-image--effect-zoomin wp-block-uagb-image--align-none\"><figure class=\"wp-block-uagb-image__figure\"><a class=\"\" href=\"https:\/\/cdsalta.gob.ar\/index.php\/atencio-al-vecino\/\" target=\"_blank\" rel=\"https:\/\/cdsalta.gob.ar\/index.php\/atencio-al-vecino\/ noreferrer noopener\"><img decoding=\"async\" srcset=\"https:\/\/cdsalta.gob.ar\/wp-content\/uploads\/2025\/07\/icono004.png ,https:\/\/cdsalta.gob.ar\/wp-content\/uploads\/2025\/07\/icono004.png 780w, https:\/\/cdsalta.gob.ar\/wp-content\/uploads\/2025\/07\/icono004.png 360w\" sizes=\"auto, (max-width: 480px) 150px\" src=\"https:\/\/cdsalta.gob.ar\/wp-content\/uploads\/2025\/07\/icono004.png\" alt=\"\" class=\"uag-image-1529\" width=\"200\" height=\"199\" title=\"Condonaciones\" loading=\"lazy\" role=\"img\"\/><\/a><\/figure><\/div>\n<\/div>\n\n\n\n<div class=\"wp-block-column is-layout-flow wp-block-column-is-layout-flow\">\n<div class=\"wp-block-uagb-image uagb-block-8b918c30 wp-block-uagb-image--layout-default wp-block-uagb-image--effect-zoomin wp-block-uagb-image--align-none\"><figure class=\"wp-block-uagb-image__figure\"><a class=\"\" href=\"https:\/\/cdsalta.gob.ar\/index.php\/centro-de-mediacion\/\" target=\"_blank\" rel=\"noreferrer noopener\"><img decoding=\"async\" srcset=\"https:\/\/cdsalta.gob.ar\/wp-content\/uploads\/2025\/07\/icono003.png ,https:\/\/cdsalta.gob.ar\/wp-content\/uploads\/2025\/07\/icono003.png 780w, https:\/\/cdsalta.gob.ar\/wp-content\/uploads\/2025\/07\/icono003.png 360w\" sizes=\"auto, (max-width: 480px) 150px\" src=\"https:\/\/cdsalta.gob.ar\/wp-content\/uploads\/2025\/07\/icono003.png\" alt=\"\" class=\"uag-image-1530\" width=\"200\" height=\"200\" title=\"Mediaci\u00f3n\" loading=\"lazy\" role=\"img\"\/><\/a><\/figure><\/div>\n<\/div>\n\n\n\n<div class=\"wp-block-column is-layout-flow wp-block-column-is-layout-flow\">\n<div class=\"wp-block-uagb-image uagb-block-dd819016 wp-block-uagb-image--layout-default wp-block-uagb-image--effect-zoomin wp-block-uagb-image--align-none\"><figure class=\"wp-block-uagb-image__figure\"><a class=\"\" href=\"https:\/\/cdsalta.gob.ar\/index.php\/casos-de-violencia\/\" target=\"_blank\" rel=\"noreferrer noopener\"><img decoding=\"async\" srcset=\"https:\/\/cdsalta.gob.ar\/wp-content\/uploads\/2025\/07\/icono005.png ,https:\/\/cdsalta.gob.ar\/wp-content\/uploads\/2025\/07\/icono005.png 780w, https:\/\/cdsalta.gob.ar\/wp-content\/uploads\/2025\/07\/icono005.png 360w\" sizes=\"auto, (max-width: 480px) 150px\" src=\"https:\/\/cdsalta.gob.ar\/wp-content\/uploads\/2025\/07\/icono005.png\" alt=\"\" class=\"uag-image-1528\" width=\"200\" height=\"200\" title=\"Asesoramiento\" loading=\"lazy\" role=\"img\"\/><\/a><\/figure><\/div>\n<\/div>\n\n\n\n<div class=\"wp-block-column is-layout-flow wp-block-column-is-layout-flow\">\n<div class=\"wp-block-uagb-image uagb-block-bd2e9d4e wp-block-uagb-image--layout-default wp-block-uagb-image--effect-zoomin wp-block-uagb-image--align-none\"><figure class=\"wp-block-uagb-image__figure\"><a class=\"\" href=\"https:\/\/cdsalta.gob.ar\/index.php\/siniestros-viales\/\" target=\"_blank\" rel=\"noreferrer noopener\"><img decoding=\"async\" srcset=\"https:\/\/cdsalta.gob.ar\/wp-content\/uploads\/2025\/07\/icono002.png ,https:\/\/cdsalta.gob.ar\/wp-content\/uploads\/2025\/07\/icono002.png 780w, https:\/\/cdsalta.gob.ar\/wp-content\/uploads\/2025\/07\/icono002.png 360w\" sizes=\"auto, (max-width: 480px) 150px\" src=\"https:\/\/cdsalta.gob.ar\/wp-content\/uploads\/2025\/07\/icono002.png\" alt=\"\" class=\"uag-image-1531\" width=\"200\" height=\"200\" title=\"Siniestros Viales\" loading=\"lazy\" role=\"img\"\/><\/a><\/figure><\/div>\n<\/div>\n\n\n\n<div class=\"wp-block-column is-layout-flow wp-block-column-is-layout-flow\">\n<div class=\"wp-block-uagb-image uagb-block-d1d7e8f6 wp-block-uagb-image--layout-default wp-block-uagb-image--effect-zoomin wp-block-uagb-image--align-none\"><figure class=\"wp-block-uagb-image__figure\"><a class=\"\" href=\"https:\/\/cdsalta.gob.ar\/index.php\/telefonos\/\" target=\"_blank\" rel=\"noreferrer noopener\"><img decoding=\"async\" srcset=\"https:\/\/cdsalta.gob.ar\/wp-content\/uploads\/2025\/07\/icono001.png ,https:\/\/cdsalta.gob.ar\/wp-content\/uploads\/2025\/07\/icono001.png 780w, https:\/\/cdsalta.gob.ar\/wp-content\/uploads\/2025\/07\/icono001.png 360w\" sizes=\"auto, (max-width: 480px) 150px\" src=\"https:\/\/cdsalta.gob.ar\/wp-content\/uploads\/2025\/07\/icono001.png\" alt=\"\" class=\"uag-image-1532\" width=\"200\" height=\"200\" title=\"Tel\u00e9fonos\" loading=\"lazy\" role=\"img\"\/><\/a><\/figure><\/div>\n<\/div>\n<\/div>\n<\/div>\n\n\n\n<div class=\"wp-block-uagb-container uagb-block-4c4c3bd9 alignfull uagb-is-root-container\">\n<div class=\"wp-block-uagb-advanced-heading uagb-block-7b88918b\"><h2 class=\"uagb-heading-text\">\u00daltimas Noticias<\/h2><\/div>\n<\/div>\n\n\n\n<div class=\"wp-block-uagb-container uagb-block-03b6ab67 alignwide uagb-is-root-container\">\n\t\t\t<div class=\"wp-block-uagb-post-grid uagb-post-grid  uagb-post__image-position-top uagb-post__image-enabled uagb-block-2c3daf8e     uagb-post__items uagb-post__columns-3 is-grid uagb-post__columns-tablet-2 uagb-post__columns-mobile-1 uagb-post__equal-height uagb-equal_height_inline-read-more-buttons\" data-total=\"157\" style=\"\">\n\n\t\t\t\t\t\t\t\t\t\t\t\t<article class=\"uagb-post__inner-wrap\">\t\t\t\t\t\t\t\t<div class='uagb-post__image'>\n\t\t\t\t\t\t\t\t\t<a href=\"https:\/\/cdsalta.gob.ar\/index.php\/2026\/04\/28\/temas-a-abordar-en-la-sesion-ordinaria-a-realizarse-manana-29\/\" target=\"_blank\" rel=\"bookmark noopener noreferrer\" class='uagb-image-ratio-inherit'><img loading=\"lazy\" decoding=\"async\" width=\"799\" height=\"533\" src=\"https:\/\/cdsalta.gob.ar\/wp-content\/uploads\/2026\/04\/55224917215_baf75512f6_c.jpg\" class=\"attachment-large size-large\" alt=\"\" srcset=\"https:\/\/cdsalta.gob.ar\/wp-content\/uploads\/2026\/04\/55224917215_baf75512f6_c.jpg 799w, https:\/\/cdsalta.gob.ar\/wp-content\/uploads\/2026\/04\/55224917215_baf75512f6_c-300x200.jpg 300w, https:\/\/cdsalta.gob.ar\/wp-content\/uploads\/2026\/04\/55224917215_baf75512f6_c-768x512.jpg 768w\" sizes=\"auto, (max-width: 799px) 100vw, 799px\" \/>\t\t\t\t\t<\/a>\n\t\t\t\t\t\t\t<\/div>\n\t\t\t\t\t\t<h4 class=\"uagb-post__title uagb-post__text\">\n\t\t\t\t<a href=\"https:\/\/cdsalta.gob.ar\/index.php\/2026\/04\/28\/temas-a-abordar-en-la-sesion-ordinaria-a-realizarse-manana-29\/\" target=\"_blank\" rel=\"bookmark noopener noreferrer\"><span style='font-size:16px;font-weight:normal;'>A horas 16.00, en el Recinto de Deliberaciones<\/span> <br> <span style='font-size:20px;font-weight:bold;'>Temas a abordar en la Sesi\u00f3n  Ordinaria a realizarse ma\u00f1ana<\/span><\/a>\n\t\t\t<\/h4>\n\t\t\t\t\t\t<div class='uagb-post__text uagb-post-grid-byline'>\n\t\t\t\t\t\t\t\t<time datetime=\"2026-04-28T18:56:40-03:00\" class=\"uagb-post__date\">\n\t\t\t\t<span class=\"dashicons-calendar dashicons\"><\/span>\t\t\t\t\t28 abril, 2026\t\t\t\t<\/time>\n\t\t\t\t\t\t<\/div>\n\t\t\t\t\t\t\t<div class='uagb-post__text uagb-post__excerpt'>\n\t\t\t\t\t<p>Ma\u00f1ana, a horas 16.00, se llevar\u00e1 a cabo una nueva Sesi\u00f3n Ordinaria del presente periodo legislativo. La misma ser\u00e1 encabezada&#8230;\t\t\t\t<\/div>\n\t\t\t\t\t\t<div class=\"uagb-post__text uagb-post__cta wp-block-button\">\n\t\t\t\t<a class=\"wp-block-button__link uagb-text-link\" style=\"\" href=\"https:\/\/cdsalta.gob.ar\/index.php\/2026\/04\/28\/temas-a-abordar-en-la-sesion-ordinaria-a-realizarse-manana-29\/\" target=\"_blank\" rel=\"bookmark noopener noreferrer\">Ver m\u00e1s<\/a>\n\t\t\t<\/div>\n\t\t\t\n\t\t\t\t\t\t\t\t\t<\/article>\n\t\t\t\t\t\t\t\t\t\t\t\t\t\t\t\t<article class=\"uagb-post__inner-wrap\">\t\t\t\t\t\t\t\t<div class='uagb-post__image'>\n\t\t\t\t\t\t\t\t\t<a href=\"https:\/\/cdsalta.gob.ar\/index.php\/2026\/04\/28\/se-realiza-manana-una-nueva-sesion-ordinaria-del-presente-periodo-legislativo-del-cd-28\/\" target=\"_blank\" rel=\"bookmark noopener noreferrer\" class='uagb-image-ratio-inherit'><img loading=\"lazy\" decoding=\"async\" width=\"799\" height=\"533\" src=\"https:\/\/cdsalta.gob.ar\/wp-content\/uploads\/2026\/04\/55236818375_7c467eb0ac_c.jpg\" class=\"attachment-large size-large\" alt=\"\" srcset=\"https:\/\/cdsalta.gob.ar\/wp-content\/uploads\/2026\/04\/55236818375_7c467eb0ac_c.jpg 799w, https:\/\/cdsalta.gob.ar\/wp-content\/uploads\/2026\/04\/55236818375_7c467eb0ac_c-300x200.jpg 300w, https:\/\/cdsalta.gob.ar\/wp-content\/uploads\/2026\/04\/55236818375_7c467eb0ac_c-768x512.jpg 768w\" sizes=\"auto, (max-width: 799px) 100vw, 799px\" \/>\t\t\t\t\t<\/a>\n\t\t\t\t\t\t\t<\/div>\n\t\t\t\t\t\t<h4 class=\"uagb-post__title uagb-post__text\">\n\t\t\t\t<a href=\"https:\/\/cdsalta.gob.ar\/index.php\/2026\/04\/28\/se-realiza-manana-una-nueva-sesion-ordinaria-del-presente-periodo-legislativo-del-cd-28\/\" target=\"_blank\" rel=\"bookmark noopener noreferrer\"><span style='font-size:16px;font-weight:normal;'>A partir de horas 16.00, en el Recinto de deliberaciones<\/span> <br> <span style='font-size:20px;font-weight:bold;'>Se realiza ma\u00f1ana una nueva Sesi\u00f3n Ordinaria  del presente periodo legislativo del CD<\/span><\/a>\n\t\t\t<\/h4>\n\t\t\t\t\t\t<div class='uagb-post__text uagb-post-grid-byline'>\n\t\t\t\t\t\t\t\t<time datetime=\"2026-04-28T13:34:23-03:00\" class=\"uagb-post__date\">\n\t\t\t\t<span class=\"dashicons-calendar dashicons\"><\/span>\t\t\t\t\t28 abril, 2026\t\t\t\t<\/time>\n\t\t\t\t\t\t<\/div>\n\t\t\t\t\t\t\t<div class='uagb-post__text uagb-post__excerpt'>\n\t\t\t\t\t<p>En el Recinto del Concejo Deliberante se llevar\u00e1 a cabo ma\u00f1ana, a partir de horas 16.00, una nueva Sesi\u00f3n Ordinaria&#8230;\t\t\t\t<\/div>\n\t\t\t\t\t\t<div class=\"uagb-post__text uagb-post__cta wp-block-button\">\n\t\t\t\t<a class=\"wp-block-button__link uagb-text-link\" style=\"\" href=\"https:\/\/cdsalta.gob.ar\/index.php\/2026\/04\/28\/se-realiza-manana-una-nueva-sesion-ordinaria-del-presente-periodo-legislativo-del-cd-28\/\" target=\"_blank\" rel=\"bookmark noopener noreferrer\">Ver m\u00e1s<\/a>\n\t\t\t<\/div>\n\t\t\t\n\t\t\t\t\t\t\t\t\t<\/article>\n\t\t\t\t\t\t\t\t\t\t\t\t\t\t\t\t<article class=\"uagb-post__inner-wrap\">\t\t\t\t\t\t\t\t<div class='uagb-post__image'>\n\t\t\t\t\t\t\t\t\t<a href=\"https:\/\/cdsalta.gob.ar\/index.php\/2026\/04\/28\/visto-bueno-a-iniciativas-que-proponen-cambios-en-las-normativas-de-habilitaciones-comerciales-y-postes-en-la-via-publica-2\/\" target=\"_blank\" rel=\"bookmark noopener noreferrer\" class='uagb-image-ratio-inherit'><img loading=\"lazy\" decoding=\"async\" width=\"800\" height=\"533\" src=\"https:\/\/cdsalta.gob.ar\/wp-content\/uploads\/2026\/04\/55236502950_0d3f2548ef_c.jpg\" class=\"attachment-large size-large\" alt=\"\" srcset=\"https:\/\/cdsalta.gob.ar\/wp-content\/uploads\/2026\/04\/55236502950_0d3f2548ef_c.jpg 800w, https:\/\/cdsalta.gob.ar\/wp-content\/uploads\/2026\/04\/55236502950_0d3f2548ef_c-300x200.jpg 300w, https:\/\/cdsalta.gob.ar\/wp-content\/uploads\/2026\/04\/55236502950_0d3f2548ef_c-768x512.jpg 768w\" sizes=\"auto, (max-width: 800px) 100vw, 800px\" \/>\t\t\t\t\t<\/a>\n\t\t\t\t\t\t\t<\/div>\n\t\t\t\t\t\t<h4 class=\"uagb-post__title uagb-post__text\">\n\t\t\t\t<a href=\"https:\/\/cdsalta.gob.ar\/index.php\/2026\/04\/28\/visto-bueno-a-iniciativas-que-proponen-cambios-en-las-normativas-de-habilitaciones-comerciales-y-postes-en-la-via-publica-2\/\" target=\"_blank\" rel=\"bookmark noopener noreferrer\"><span style='font-size:16px;font-weight:normal;'>Comisi\u00f3n de Legislaci\u00f3n General<\/span> <br> <span style='font-size:20px;font-weight:bold;'>Visto bueno a iniciativas que proponen cambios en las normativas de habilitaciones comerciales y postes en la v\u00eda p\u00fablica<\/span><\/a>\n\t\t\t<\/h4>\n\t\t\t\t\t\t<div class='uagb-post__text uagb-post-grid-byline'>\n\t\t\t\t\t\t\t\t<time datetime=\"2026-04-28T13:33:36-03:00\" class=\"uagb-post__date\">\n\t\t\t\t<span class=\"dashicons-calendar dashicons\"><\/span>\t\t\t\t\t28 abril, 2026\t\t\t\t<\/time>\n\t\t\t\t\t\t<\/div>\n\t\t\t\t\t\t\t<div class='uagb-post__text uagb-post__excerpt'>\n\t\t\t\t\t<p>En el marco de una nueva reuni\u00f3n de la Comisi\u00f3n de Legislaci\u00f3n General, los concejales otorgaron dictamen favorable a dos&#8230;\t\t\t\t<\/div>\n\t\t\t\t\t\t<div class=\"uagb-post__text uagb-post__cta wp-block-button\">\n\t\t\t\t<a class=\"wp-block-button__link uagb-text-link\" style=\"\" href=\"https:\/\/cdsalta.gob.ar\/index.php\/2026\/04\/28\/visto-bueno-a-iniciativas-que-proponen-cambios-en-las-normativas-de-habilitaciones-comerciales-y-postes-en-la-via-publica-2\/\" target=\"_blank\" rel=\"bookmark noopener noreferrer\">Ver m\u00e1s<\/a>\n\t\t\t<\/div>\n\t\t\t\n\t\t\t\t\t\t\t\t\t<\/article>\n\t\t\t\t\t\t\t\t\t\t\t\t\t\t\t\t<article class=\"uagb-post__inner-wrap\">\t\t\t\t\t\t\t\t<div class='uagb-post__image'>\n\t\t\t\t\t\t\t\t\t<a href=\"https:\/\/cdsalta.gob.ar\/index.php\/2026\/04\/28\/dictamen-favorable-a-pedidos-de-condonacion-de-deudas-vinculadas-a-tributos-municipales\/\" target=\"_blank\" rel=\"bookmark noopener noreferrer\" class='uagb-image-ratio-inherit'><img loading=\"lazy\" decoding=\"async\" width=\"799\" height=\"533\" src=\"https:\/\/cdsalta.gob.ar\/wp-content\/uploads\/2026\/04\/55236260748_1a61eeb4d5_c.jpg\" class=\"attachment-large size-large\" alt=\"\" srcset=\"https:\/\/cdsalta.gob.ar\/wp-content\/uploads\/2026\/04\/55236260748_1a61eeb4d5_c.jpg 799w, https:\/\/cdsalta.gob.ar\/wp-content\/uploads\/2026\/04\/55236260748_1a61eeb4d5_c-300x200.jpg 300w, https:\/\/cdsalta.gob.ar\/wp-content\/uploads\/2026\/04\/55236260748_1a61eeb4d5_c-768x512.jpg 768w\" sizes=\"auto, (max-width: 799px) 100vw, 799px\" \/>\t\t\t\t\t<\/a>\n\t\t\t\t\t\t\t<\/div>\n\t\t\t\t\t\t<h4 class=\"uagb-post__title uagb-post__text\">\n\t\t\t\t<a href=\"https:\/\/cdsalta.gob.ar\/index.php\/2026\/04\/28\/dictamen-favorable-a-pedidos-de-condonacion-de-deudas-vinculadas-a-tributos-municipales\/\" target=\"_blank\" rel=\"bookmark noopener noreferrer\"><span style='font-size:16px;font-weight:normal;'>En Comisi\u00f3n de Hacienda, Presupuesto y Cuentas<\/span> <br> <span style='font-size:20px;font-weight:bold;'>Dictamen favorable a pedidos de condonaci\u00f3n  de deudas vinculadas a tributos municipales<\/span><\/a>\n\t\t\t<\/h4>\n\t\t\t\t\t\t<div class='uagb-post__text uagb-post-grid-byline'>\n\t\t\t\t\t\t\t\t<time datetime=\"2026-04-28T13:33:25-03:00\" class=\"uagb-post__date\">\n\t\t\t\t<span class=\"dashicons-calendar dashicons\"><\/span>\t\t\t\t\t28 abril, 2026\t\t\t\t<\/time>\n\t\t\t\t\t\t<\/div>\n\t\t\t\t\t\t\t<div class='uagb-post__text uagb-post__excerpt'>\n\t\t\t\t\t<p>Los ediles miembros de la Comisi\u00f3n de Hacienda, Presupuesto y Cuentas, dispusieron otorgar dictamen favorable a pedidos de condonaci\u00f3n de&#8230;\t\t\t\t<\/div>\n\t\t\t\t\t\t<div class=\"uagb-post__text uagb-post__cta wp-block-button\">\n\t\t\t\t<a class=\"wp-block-button__link uagb-text-link\" style=\"\" href=\"https:\/\/cdsalta.gob.ar\/index.php\/2026\/04\/28\/dictamen-favorable-a-pedidos-de-condonacion-de-deudas-vinculadas-a-tributos-municipales\/\" target=\"_blank\" rel=\"bookmark noopener noreferrer\">Ver m\u00e1s<\/a>\n\t\t\t<\/div>\n\t\t\t\n\t\t\t\t\t\t\t\t\t<\/article>\n\t\t\t\t\t\t\t\t\t\t\t\t\t\t\t\t<article class=\"uagb-post__inner-wrap\">\t\t\t\t\t\t\t\t<div class='uagb-post__image'>\n\t\t\t\t\t\t\t\t\t<a href=\"https:\/\/cdsalta.gob.ar\/index.php\/2026\/04\/27\/otorgaron-visto-bueno-a-pedidos-vinculados-al-transito-y-la-seguridad-vial-de-la-ciudad\/\" target=\"_blank\" rel=\"bookmark noopener noreferrer\" class='uagb-image-ratio-inherit'><img loading=\"lazy\" decoding=\"async\" width=\"800\" height=\"520\" src=\"https:\/\/cdsalta.gob.ar\/wp-content\/uploads\/2026\/04\/55234113285_e7ee6bf07a_c-1.jpg\" class=\"attachment-large size-large\" alt=\"\" srcset=\"https:\/\/cdsalta.gob.ar\/wp-content\/uploads\/2026\/04\/55234113285_e7ee6bf07a_c-1.jpg 800w, https:\/\/cdsalta.gob.ar\/wp-content\/uploads\/2026\/04\/55234113285_e7ee6bf07a_c-1-300x195.jpg 300w, https:\/\/cdsalta.gob.ar\/wp-content\/uploads\/2026\/04\/55234113285_e7ee6bf07a_c-1-768x499.jpg 768w\" sizes=\"auto, (max-width: 800px) 100vw, 800px\" \/>\t\t\t\t\t<\/a>\n\t\t\t\t\t\t\t<\/div>\n\t\t\t\t\t\t<h4 class=\"uagb-post__title uagb-post__text\">\n\t\t\t\t<a href=\"https:\/\/cdsalta.gob.ar\/index.php\/2026\/04\/27\/otorgaron-visto-bueno-a-pedidos-vinculados-al-transito-y-la-seguridad-vial-de-la-ciudad\/\" target=\"_blank\" rel=\"bookmark noopener noreferrer\"><span style='font-size:16px;font-weight:normal;'>A trav\u00e9s de cuatro Proyectos de Resoluci\u00f3n<\/span> <br> <span style='font-size:20px;font-weight:bold;'>Otorgaron visto bueno a pedidos vinculados al tr\u00e1nsito y la seguridad vial de la ciudad<\/span><\/a>\n\t\t\t<\/h4>\n\t\t\t\t\t\t<div class='uagb-post__text uagb-post-grid-byline'>\n\t\t\t\t\t\t\t\t<time datetime=\"2026-04-27T13:45:06-03:00\" class=\"uagb-post__date\">\n\t\t\t\t<span class=\"dashicons-calendar dashicons\"><\/span>\t\t\t\t\t27 abril, 2026\t\t\t\t<\/time>\n\t\t\t\t\t\t<\/div>\n\t\t\t\t\t\t\t<div class='uagb-post__text uagb-post__excerpt'>\n\t\t\t\t\t<p>En el marco de una nueva reuni\u00f3n de la Comisi\u00f3n de Tr\u00e1nsito, Transporte y Seguridad Vial, los concejales dieron visto&#8230;\t\t\t\t<\/div>\n\t\t\t\t\t\t<div class=\"uagb-post__text uagb-post__cta wp-block-button\">\n\t\t\t\t<a class=\"wp-block-button__link uagb-text-link\" style=\"\" href=\"https:\/\/cdsalta.gob.ar\/index.php\/2026\/04\/27\/otorgaron-visto-bueno-a-pedidos-vinculados-al-transito-y-la-seguridad-vial-de-la-ciudad\/\" target=\"_blank\" rel=\"bookmark noopener noreferrer\">Ver m\u00e1s<\/a>\n\t\t\t<\/div>\n\t\t\t\n\t\t\t\t\t\t\t\t\t<\/article>\n\t\t\t\t\t\t\t\t\t\t\t\t\t\t\t\t<article class=\"uagb-post__inner-wrap\">\t\t\t\t\t\t\t\t<div class='uagb-post__image'>\n\t\t\t\t\t\t\t\t\t<a href=\"https:\/\/cdsalta.gob.ar\/index.php\/2026\/04\/27\/dictamen-favorable-a-la-nomina-de-estudiantes-beneficiarios-de-la-beca-profesor-daniel-cordoba\/\" target=\"_blank\" rel=\"bookmark noopener noreferrer\" class='uagb-image-ratio-inherit'><img loading=\"lazy\" decoding=\"async\" width=\"799\" height=\"533\" src=\"https:\/\/cdsalta.gob.ar\/wp-content\/uploads\/2026\/04\/55234452979_da63ce411c_c.jpg\" class=\"attachment-large size-large\" alt=\"\" srcset=\"https:\/\/cdsalta.gob.ar\/wp-content\/uploads\/2026\/04\/55234452979_da63ce411c_c.jpg 799w, https:\/\/cdsalta.gob.ar\/wp-content\/uploads\/2026\/04\/55234452979_da63ce411c_c-300x200.jpg 300w, https:\/\/cdsalta.gob.ar\/wp-content\/uploads\/2026\/04\/55234452979_da63ce411c_c-768x512.jpg 768w\" sizes=\"auto, (max-width: 799px) 100vw, 799px\" \/>\t\t\t\t\t<\/a>\n\t\t\t\t\t\t\t<\/div>\n\t\t\t\t\t\t<h4 class=\"uagb-post__title uagb-post__text\">\n\t\t\t\t<a href=\"https:\/\/cdsalta.gob.ar\/index.php\/2026\/04\/27\/dictamen-favorable-a-la-nomina-de-estudiantes-beneficiarios-de-la-beca-profesor-daniel-cordoba\/\" target=\"_blank\" rel=\"bookmark noopener noreferrer\"><span style='font-size:16px;font-weight:normal;'>Como as\u00ed tambi\u00e9n a solicitudes de condonaci\u00f3n de deudas impositivas<\/span> <br> <span style='font-size:20px;font-weight:bold;'>Dictamen favorable a la n\u00f3mina de estudiantes  beneficiarios de la Beca \u201cProfesor Daniel C\u00f3rdoba\u201d<\/span><\/a>\n\t\t\t<\/h4>\n\t\t\t\t\t\t<div class='uagb-post__text uagb-post-grid-byline'>\n\t\t\t\t\t\t\t\t<time datetime=\"2026-04-27T13:45:00-03:00\" class=\"uagb-post__date\">\n\t\t\t\t<span class=\"dashicons-calendar dashicons\"><\/span>\t\t\t\t\t27 abril, 2026\t\t\t\t<\/time>\n\t\t\t\t\t\t<\/div>\n\t\t\t\t\t\t\t<div class='uagb-post__text uagb-post__excerpt'>\n\t\t\t\t\t<p>Este mediod\u00eda se desarroll\u00f3 una nueva reuni\u00f3n de la Comisi\u00f3n de Acci\u00f3n Social, Becas, Asuntos Vecinales, Participaci\u00f3n Ciudadana y Defensa&#8230;\t\t\t\t<\/div>\n\t\t\t\t\t\t<div class=\"uagb-post__text uagb-post__cta wp-block-button\">\n\t\t\t\t<a class=\"wp-block-button__link uagb-text-link\" style=\"\" href=\"https:\/\/cdsalta.gob.ar\/index.php\/2026\/04\/27\/dictamen-favorable-a-la-nomina-de-estudiantes-beneficiarios-de-la-beca-profesor-daniel-cordoba\/\" target=\"_blank\" rel=\"bookmark noopener noreferrer\">Ver m\u00e1s<\/a>\n\t\t\t<\/div>\n\t\t\t\n\t\t\t\t\t\t\t\t\t<\/article>\n\t\t\t\t\t\t\t\t\t\t\t\t\t<div class=\"uagb-post-pagination-wrap\">\n\t\t\t\t\t\t\t\t\t\t\t<\/div>\n\t\t\t\t\t\t\t\t<\/div>\n\t\t\t\n\n\n<div class=\"wp-block-uagb-buttons uagb-buttons__outer-wrap uagb-btn__default-btn uagb-btn-tablet__default-btn uagb-btn-mobile__default-btn uagb-block-e6a33e4e\"><div class=\"uagb-buttons__wrap uagb-buttons-layout-wrap \">\n<div class=\"wp-block-uagb-buttons-child uagb-buttons__outer-wrap uagb-block-52d8ed34 wp-block-button\"><div class=\"uagb-button__wrapper\"><a class=\"uagb-buttons-repeater wp-block-button__link\" aria-label=\"\" href=\"https:\/\/cdsalta.gob.ar\/index.php\/noticias\/\" rel=\"follow noopener\" target=\"_self\" role=\"button\"><div class=\"uagb-button__link\">M\u00e1s Noticias<\/div><\/a><\/div><\/div>\n<\/div><\/div>\n<\/div>\n\n\n\n<div class=\"wp-block-uagb-container uag-hide-mob uagb-block-0318d0f5 default uagb-is-root-container\"><div class=\"uagb-container__video-wrap\"><video autoplay loop muted playsinline><source src=\"https:\/\/cdsalta.gob.ar\/wp-content\/uploads\/2025\/06\/separador.mp4\" type=\"video\/mp4\"\/><\/video><\/div><\/div>\n\n\n\n<div class=\"wp-block-uagb-container uagb-block-74ea2c9b alignfull uagb-is-root-container\"><div class=\"uagb-container-inner-blocks-wrap\">\n<h1 class=\"wp-block-heading has-text-align-center has-text-color has-link-color wp-elements-0b5a8e65441e20b57b52d9c8405df302\" style=\"color:#3880b4;margin-top:0;margin-bottom:0;font-size:50px\"><a href=\"https:\/\/www.youtube.com\/@ConcejoSalta\" style=\"text-decoration: none\" data-type=\"link\" data-id=\"https:\/\/www.youtube.com\/@ConcejoSalta\">Videos<\/a><\/h1>\n<\/div><\/div>\n\n\n\n<div class=\"wp-block-uagb-container uagb-block-2e42b4f1 alignwide uagb-is-root-container\">\n<figure class=\"wp-block-embed is-type-video is-provider-youtube wp-block-embed-youtube wp-embed-aspect-4-3 wp-has-aspect-ratio\" style=\"margin-top:0;margin-right:0;margin-bottom:0;margin-left:0\"><div class=\"wp-block-embed__wrapper\">\n<iframe loading=\"lazy\" title=\"SESI\u00d3N ORDINARIA - 22\/4\/2026\" width=\"500\" height=\"375\" src=\"https:\/\/www.youtube.com\/embed\/w11Srt-mGV0?feature=oembed\" frameborder=\"0\" allow=\"accelerometer; autoplay; clipboard-write; encrypted-media; gyroscope; picture-in-picture; web-share\" referrerpolicy=\"strict-origin-when-cross-origin\" allowfullscreen><\/iframe>\n<\/div><\/figure>\n<\/div>\n\n\n\n<div class=\"wp-block-uagb-container uagb-block-a5194e8f alignwide uagb-is-root-container\">\n<div class=\"wp-block-uagb-container uagb-block-b82747fa\">\n<figure class=\"wp-block-embed is-type-video is-provider-youtube wp-block-embed-youtube wp-embed-aspect-16-9 wp-has-aspect-ratio\"><div class=\"wp-block-embed__wrapper\">\n<iframe loading=\"lazy\" title=\"Establecieron una excepci\u00f3n para la designaci\u00f3n de nombres de personas en calles o espacios p\u00fablicos\" width=\"500\" height=\"281\" src=\"https:\/\/www.youtube.com\/embed\/Ex1ff1BIvNo?feature=oembed\" frameborder=\"0\" allow=\"accelerometer; autoplay; clipboard-write; encrypted-media; gyroscope; picture-in-picture; web-share\" referrerpolicy=\"strict-origin-when-cross-origin\" allowfullscreen><\/iframe>\n<\/div><\/figure>\n<\/div>\n\n\n\n<div class=\"wp-block-uagb-container uagb-block-ad2077fc\">\n<figure class=\"wp-block-embed is-type-video is-provider-youtube wp-block-embed-youtube wp-embed-aspect-16-9 wp-has-aspect-ratio\"><div class=\"wp-block-embed__wrapper\">\n<iframe loading=\"lazy\" title=\"Madres de h\u00e9roes salte\u00f1os ca\u00eddos en Malvinas fueron reconocidas por el Concejo Deliberante\" width=\"500\" height=\"281\" src=\"https:\/\/www.youtube.com\/embed\/Td3kL9vGbuE?feature=oembed\" frameborder=\"0\" allow=\"accelerometer; autoplay; clipboard-write; encrypted-media; gyroscope; picture-in-picture; web-share\" referrerpolicy=\"strict-origin-when-cross-origin\" allowfullscreen><\/iframe>\n<\/div><\/figure>\n<\/div>\n\n\n\n<div class=\"wp-block-uagb-container uagb-block-bf347020\">\n<figure class=\"wp-block-embed is-type-video is-provider-youtube wp-block-embed-youtube wp-embed-aspect-16-9 wp-has-aspect-ratio\"><div class=\"wp-block-embed__wrapper\">\n<iframe loading=\"lazy\" title=\"Entrega de Reconocimientos &quot;Macacha G\u00fcemes&quot; 2026 a Mujeres Destacadas de la Ciudad\" width=\"500\" height=\"281\" src=\"https:\/\/www.youtube.com\/embed\/3FcTWang34o?feature=oembed\" frameborder=\"0\" allow=\"accelerometer; autoplay; clipboard-write; encrypted-media; gyroscope; picture-in-picture; web-share\" referrerpolicy=\"strict-origin-when-cross-origin\" allowfullscreen><\/iframe>\n<\/div><\/figure>\n<\/div>\n<\/div>\n\n\n\n<div class=\"wp-block-uagb-container uagb-block-c8ecf046 alignfull uagb-is-root-container\"><div class=\"uagb-container-inner-blocks-wrap\">\n<h1 class=\"wp-block-heading has-text-align-center has-text-color has-link-color wp-elements-b5bc0a0e2b4a2984996c9878f1ae0460\" style=\"color:#3880b4;margin-top:0;margin-bottom:0;font-size:50px\"><a href=\"https:\/\/www.flickr.com\/photos\/prensacdsalta\/\" style=\"text-decoration: none\" data-type=\"link\" data-id=\"https:\/\/www.flickr.com\/photos\/prensacdsalta\/\">Galer\u00eda de Fotos<\/a><\/h1>\n<\/div><\/div>\n\n\n\n<div class=\"wp-block-uagb-container uagb-block-04f4f444 default uagb-is-root-container\">\n<div class=\"wp-block-uagb-container uagb-block-b6a037a3\">\n<a data-flickr-embed=\"true\" href=\"https:\/\/www.flickr.com\/photos\/prensacdsalta\/albums\/72177720332977715\" title=\"Sesi\u00f3n Ordinaria N\u00b06 En el CD de Salta (08-04-26)\"><img loading=\"lazy\" decoding=\"async\" src=\"https:\/\/live.staticflickr.com\/65535\/55194902027_3f997f6d27_h.jpg\" width=\"1600\" height=\"1200\" alt=\"Sesi\u00f3n Ordinaria N\u00b06 En el CD de Salta (08-04-26)\"\/><\/a><script async src=\"\/\/embedr.flickr.com\/assets\/client-code.js\" charset=\"utf-8\"><\/script>\n<\/div>\n\n\n\n<div class=\"wp-block-uagb-container uagb-block-f27efdcc\">\n<a data-flickr-embed=\"true\" href=\"https:\/\/www.flickr.com\/photos\/prensacdsalta\/albums\/72177720333084493\" title=\"Comisi\u00f3n de Becas C\u00f3rdoba  (13-04-26)\"><img loading=\"lazy\" decoding=\"async\" src=\"https:\/\/live.staticflickr.com\/65535\/55205554055_024154e4e7_h.jpg\" width=\"1600\" height=\"1200\" alt=\"Comisi\u00f3n de Becas C\u00f3rdoba  (13-04-26)\"\/><\/a><script async src=\"\/\/embedr.flickr.com\/assets\/client-code.js\" charset=\"utf-8\"><\/script>\n<\/div>\n\n\n\n<div class=\"wp-block-uagb-container uagb-block-413568a9\">\n<a data-flickr-embed=\"true\" href=\"https:\/\/www.flickr.com\/photos\/prensacdsalta\/albums\/72177720333020379\" title=\"Comisi\u00f3n de Salud, Deportes (09-04-26)\"><img loading=\"lazy\" decoding=\"async\" src=\"https:\/\/live.staticflickr.com\/65535\/55196989696_ebc0acff35_h.jpg\" width=\"1600\" height=\"1200\" alt=\"Comisi\u00f3n de Salud, Deportes (09-04-26)\"\/><\/a><script async src=\"\/\/embedr.flickr.com\/assets\/client-code.js\" charset=\"utf-8\"><\/script>\n<\/div>\n\n\n\n<div class=\"wp-block-uagb-container uagb-block-c07e42ac\">\n<a data-flickr-embed=\"true\" href=\"https:\/\/www.flickr.com\/photos\/prensacdsalta\/albums\/72177720332873749\" title=\"El CD Reconoce a las Madres de los H\u00e9roes Ca\u00eddos e\"><img loading=\"lazy\" decoding=\"async\" src=\"https:\/\/live.staticflickr.com\/65535\/55182604530_42fd21a870_h.jpg\" width=\"1600\" height=\"1200\" alt=\"El CD Reconoce a las Madres de los H\u00e9roes Ca\u00eddos e\"\/><\/a><script async src=\"\/\/embedr.flickr.com\/assets\/client-code.js\" charset=\"utf-8\"><\/script>\n<\/div>\n\n\n\n<div class=\"wp-block-uagb-container uagb-block-0abacf8c\">\n<a data-flickr-embed=\"true\" href=\"https:\/\/www.flickr.com\/photos\/prensacdsalta\/albums\/72177720332760998\" title=\"Entrega de Reconocimientos &quot;Macacha G\u00fcemes&quot; 2026 a\"><img loading=\"lazy\" decoding=\"async\" src=\"https:\/\/live.staticflickr.com\/65535\/55170736621_f6e49c6301_h.jpg\" width=\"1600\" height=\"1200\" alt=\"Entrega de Reconocimientos &quot;Macacha G\u00fcemes&quot; 2026 a\"\/><\/a><script async src=\"\/\/embedr.flickr.com\/assets\/client-code.js\" charset=\"utf-8\"><\/script>\n<\/div>\n\n\n\n<div class=\"wp-block-uagb-container uagb-block-2d75a955\">\n<a data-flickr-embed=\"true\" href=\"https:\/\/www.flickr.com\/photos\/prensacdsalta\/albums\/72177720332815994\" title=\"Premiacion del medio Marat\u00f3n SALTA NEW BALANCE (29\"><img loading=\"lazy\" decoding=\"async\" src=\"https:\/\/live.staticflickr.com\/65535\/55176194798_3124263265_h.jpg\" width=\"1600\" height=\"1200\" alt=\"Premiacion del medio Marat\u00f3n SALTA NEW BALANCE (29\"\/><\/a><script async src=\"\/\/embedr.flickr.com\/assets\/client-code.js\" charset=\"utf-8\"><\/script>\n<\/div>\n<\/div>\n\n\n\n<div class=\"wp-block-uagb-container uagb-block-0778e561 alignwide uagb-is-root-container\"><div class=\"uagb-container__video-wrap\"><\/div>\n<div class=\"alignnormal\"><div id=\"metaslider-id-99\" style=\"width: 100%;\" class=\"ml-slider-3-108-0 metaslider metaslider-flex metaslider-99 ml-slider hide-navigation-smartphone hide-navigation-tablet hide-navigation-laptop hide-navigation-desktop has-dots-nav ms-theme-simply-dark\" role=\"region\" aria-label=\"Inicio\" data-height=\"450\" data-width=\"1920\">\n    <div id=\"metaslider_container_99\">\n        <div id=\"metaslider_99\">\n            <ul class='slides'>\n                <li style=\"display: block; width: 100%;\" class=\"slide-2190 ms-image \" aria-roledescription=\"slide\" data-date=\"2025-09-02 08:06:43\" data-filename=\"Defensoria-del-pueblo-2025-1080x260-nvo-1080x253.png\" data-slide-type=\"image\"><a href=\"https:\/\/www.facebook.com\/share\/157Hdn6KTnB\/\" target=\"_blank\" aria-label=\"Ver detalles de la diapositiva\" class=\"metaslider_image_link\"><img loading=\"lazy\" decoding=\"async\" src=\"https:\/\/cdsalta.gob.ar\/wp-content\/uploads\/2025\/09\/Defensoria-del-pueblo-2025-1080x260-nvo-1080x253.png\" height=\"450\" width=\"1920\" alt=\"\" class=\"slider-99 slide-2190 msDefaultImage\" title=\"Defensor\u00eda del pueblo 2025 1080x260 nvo\" \/><\/a><\/li>\n                <li style=\"display: none; width: 100%;\" class=\"slide-2191 ms-image \" aria-roledescription=\"slide\" data-date=\"2025-09-02 08:06:43\" data-filename=\"Reconocimientos-Macacha-Guemes-2025-1080x260-nvo-1080x253.png\" data-slide-type=\"image\"><a href=\"http:\/\/cdsalta.gob.ar\/index.php\/mujeres-destacadas\/\" target=\"_blank\" aria-label=\"Ver detalles de la diapositiva\" class=\"metaslider_image_link\"><img loading=\"lazy\" decoding=\"async\" src=\"https:\/\/cdsalta.gob.ar\/wp-content\/uploads\/2025\/09\/Reconocimientos-Macacha-Guemes-2025-1080x260-nvo-1080x253.png\" height=\"450\" width=\"1920\" alt=\"\" class=\"slider-99 slide-2191 msDefaultImage\" title=\"Reconocimientos Macacha G\u00fcemes 2025 1080x260 nvo\" \/><\/a><\/li>\n                <li style=\"display: none; width: 100%;\" class=\"slide-2192 ms-image \" aria-roledescription=\"slide\" data-date=\"2025-09-02 08:06:43\" data-filename=\"Becas-Prof-Cordoba-2025-1080x260-nvo-1080x253.png\" data-slide-type=\"image\"><a href=\"http:\/\/cdsalta.gob.ar\/index.php\/becas-cordoba\/\" target=\"_blank\" aria-label=\"Ver detalles de la diapositiva\" class=\"metaslider_image_link\"><img loading=\"lazy\" decoding=\"async\" src=\"https:\/\/cdsalta.gob.ar\/wp-content\/uploads\/2025\/09\/Becas-Prof-Cordoba-2025-1080x260-nvo-1080x253.png\" height=\"450\" width=\"1920\" alt=\"\" class=\"slider-99 slide-2192 msDefaultImage\" title=\"Becas Prof C\u00f3rdoba 2025 1080x260 nvo\" \/><\/a><\/li>\n                <li style=\"display: none; width: 100%;\" class=\"slide-2193 ms-image \" aria-roledescription=\"slide\" data-date=\"2025-09-02 08:06:43\" data-filename=\"Concejales-por-un-dia-2025-1080x260-nvo-1080x253.png\" data-slide-type=\"image\"><a href=\"http:\/\/cdsalta.gob.ar\/index.php\/concejales-por-un-dia\/\" target=\"_blank\" aria-label=\"Ver detalles de la diapositiva\" class=\"metaslider_image_link\"><img loading=\"lazy\" decoding=\"async\" src=\"https:\/\/cdsalta.gob.ar\/wp-content\/uploads\/2025\/09\/Concejales-por-un-dia-2025-1080x260-nvo-1080x253.png\" height=\"450\" width=\"1920\" alt=\"\" class=\"slider-99 slide-2193 msDefaultImage\" title=\"Concejales por un d\u00eda 2025 1080x260 nvo\" \/><\/a><\/li>\n                <li style=\"display: none; width: 100%;\" class=\"slide-5661 ms-image \" aria-roledescription=\"slide\" data-date=\"2026-04-01 12:44:19\" data-filename=\"Dia-Municipal-de-concientizacion-sobre-autismo-2026-1080x260-nvo-1080x253.png\" data-slide-type=\"image\"><img loading=\"lazy\" decoding=\"async\" src=\"https:\/\/cdsalta.gob.ar\/wp-content\/uploads\/2026\/04\/Dia-Municipal-de-concientizacion-sobre-autismo-2026-1080x260-nvo-1080x253.png\" height=\"450\" width=\"1920\" alt=\"\" class=\"slider-99 slide-5661 msDefaultImage\" title=\"D\u00eda Municipal de concientizaci\u00f3n sobre autismo 2026 1080x260 nvo\" \/><\/li>\n            <\/ul>\n        <\/div>\n        \n    <\/div>\n<\/div><\/div>\n<\/div>\n","protected":false},"excerpt":{"rendered":"<p>Servicios \u00daltimas Noticias Videos Galer\u00eda de Fotos<\/p>\n","protected":false},"author":6,"featured_media":0,"parent":0,"menu_order":0,"comment_status":"closed","ping_status":"closed","template":"","meta":{"_uag_custom_page_level_css":"","site-sidebar-layout":"default","site-content-layout":"","ast-site-content-layout":"","site-content-style":"default","site-sidebar-style":"default","ast-global-header-display":"","ast-banner-title-visibility":"","ast-main-header-display":"","ast-hfb-above-header-display":"","ast-hfb-below-header-display":"","ast-hfb-mobile-header-display":"","site-post-title":"disabled","ast-breadcrumbs-content":"","ast-featured-img":"","footer-sml-layout":"","ast-disable-related-posts":"","theme-transparent-header-meta":"","adv-header-id-meta":"","stick-header-meta":"","header-above-stick-meta":"","header-main-stick-meta":"","header-below-stick-meta":"","astra-migrate-meta-layouts":"default","ast-page-background-enabled":"default","ast-page-background-meta":{"desktop":{"background-color":"var(--ast-global-color-5)","background-image":"","background-repeat":"repeat","background-position":"center center","background-size":"auto","background-attachment":"scroll","background-type":"","background-media":"","overlay-type":"","overlay-color":"","overlay-opacity":"","overlay-gradient":""},"tablet":{"background-color":"","background-image":"","background-repeat":"repeat","background-position":"center center","background-size":"auto","background-attachment":"scroll","background-type":"","background-media":"","overlay-type":"","overlay-color":"","overlay-opacity":"","overlay-gradient":""},"mobile":{"background-color":"","background-image":"","background-repeat":"repeat","background-position":"center center","background-size":"auto","background-attachment":"scroll","background-type":"","background-media":"","overlay-type":"","overlay-color":"","overlay-opacity":"","overlay-gradient":""}},"ast-content-background-meta":{"desktop":{"background-color":"var(--ast-global-color-4)","background-image":"","background-repeat":"repeat","background-position":"center center","background-size":"auto","background-attachment":"scroll","background-type":"","background-media":"","overlay-type":"","overlay-color":"","overlay-opacity":"","overlay-gradient":""},"tablet":{"background-color":"var(--ast-global-color-4)","background-image":"","background-repeat":"repeat","background-position":"center center","background-size":"auto","background-attachment":"scroll","background-type":"","background-media":"","overlay-type":"","overlay-color":"","overlay-opacity":"","overlay-gradient":""},"mobile":{"background-color":"var(--ast-global-color-4)","background-image":"","background-repeat":"repeat","background-position":"center center","background-size":"auto","background-attachment":"scroll","background-type":"","background-media":"","overlay-type":"","overlay-color":"","overlay-opacity":"","overlay-gradient":""}},"footnotes":""},"class_list":["post-8","page","type-page","status-publish","hentry"],"uagb_featured_image_src":{"full":false,"thumbnail":false,"medium":false,"medium_large":false,"large":false,"1536x1536":false,"2048x2048":false,"mailpoet_newsletter_max":false},"uagb_author_info":{"display_name":"SistemaCD","author_link":"https:\/\/cdsalta.gob.ar\/index.php\/author\/sistema\/"},"uagb_comment_info":0,"uagb_excerpt":"Servicios \u00daltimas Noticias Videos Galer\u00eda de Fotos","_links":{"self":[{"href":"https:\/\/cdsalta.gob.ar\/index.php\/wp-json\/wp\/v2\/pages\/8","targetHints":{"allow":["GET"]}}],"collection":[{"href":"https:\/\/cdsalta.gob.ar\/index.php\/wp-json\/wp\/v2\/pages"}],"about":[{"href":"https:\/\/cdsalta.gob.ar\/index.php\/wp-json\/wp\/v2\/types\/page"}],"author":[{"embeddable":true,"href":"https:\/\/cdsalta.gob.ar\/index.php\/wp-json\/wp\/v2\/users\/6"}],"replies":[{"embeddable":true,"href":"https:\/\/cdsalta.gob.ar\/index.php\/wp-json\/wp\/v2\/comments?post=8"}],"version-history":[{"count":322,"href":"https:\/\/cdsalta.gob.ar\/index.php\/wp-json\/wp\/v2\/pages\/8\/revisions"}],"predecessor-version":[{"id":6020,"href":"https:\/\/cdsalta.gob.ar\/index.php\/wp-json\/wp\/v2\/pages\/8\/revisions\/6020"}],"wp:attachment":[{"href":"https:\/\/cdsalta.gob.ar\/index.php\/wp-json\/wp\/v2\/media?parent=8"}],"curies":[{"name":"wp","href":"https:\/\/api.w.org\/{rel}","templated":true}]}}