{"id":8,"date":"2025-06-02T10:50:16","date_gmt":"2025-06-02T13:50:16","guid":{"rendered":"http:\/\/concejo.rdb-ti.com\/?page_id=8"},"modified":"2026-08-27T10:12:09","modified_gmt":"2026-08-27T13:12:09","slug":"inicio","status":"publish","type":"page","link":"https:\/\/cdsalta.gob.ar\/","title":{"rendered":"Inicio"},"content":{"rendered":"\n<div class=\"wp-block-uagb-container uag-hide-mob uagb-block-ba55c150 alignfull uagb-is-root-container\"><div class=\"uagb-container__video-wrap\"><video autoplay loop muted playsinline><source src=\"https:\/\/cdsalta.gob.ar\/wp-content\/uploads\/2026\/06\/SPOT-2026_H.264-1.mp4\" type=\"video\/mp4\"\/><\/video><\/div><\/div>\n\n\n\n<div class=\"wp-block-uagb-container uagb-block-17ce31c9 alignwide uagb-is-root-container\">\n<h2 class=\"wp-block-heading has-text-align-center\" style=\"font-size:50px\">Servicios<\/h2>\n<\/div>\n\n\n\n<div class=\"wp-block-uagb-container uagb-block-74dacf9c alignwide uagb-is-root-container\">\n<div class=\"wp-block-columns is-layout-flex wp-container-core-columns-is-layout-7387b849 wp-block-columns-is-layout-flex\">\n<div class=\"wp-block-column is-layout-flow wp-block-column-is-layout-flow\">\n<div class=\"wp-block-uagb-image uagb-block-f2456d60 wp-block-uagb-image--layout-default wp-block-uagb-image--effect-zoomin wp-block-uagb-image--align-none\"><figure class=\"wp-block-uagb-image__figure\"><a class=\"\" href=\"https:\/\/cdsalta.gob.ar\/index.php\/atencio-al-vecino\/\" target=\"_blank\" rel=\"https:\/\/cdsalta.gob.ar\/index.php\/atencio-al-vecino\/ noreferrer noopener\"><img decoding=\"async\" src=\"https:\/\/cdsalta.gob.ar\/wp-content\/uploads\/2025\/07\/icono004.png\" alt=\"\" class=\"uag-image-1529\" width=\"200\" height=\"199\" title=\"Condonaciones\" loading=\"lazy\" role=\"img\" \/><\/a><\/figure><\/div>\n<\/div>\n\n\n\n<div class=\"wp-block-column is-layout-flow wp-block-column-is-layout-flow\">\n<div class=\"wp-block-uagb-image uagb-block-8b918c30 wp-block-uagb-image--layout-default wp-block-uagb-image--effect-zoomin wp-block-uagb-image--align-none\"><figure class=\"wp-block-uagb-image__figure\"><a class=\"\" href=\"https:\/\/cdsalta.gob.ar\/index.php\/centro-de-mediacion\/\" target=\"_blank\" rel=\"noreferrer noopener\"><img decoding=\"async\" src=\"https:\/\/cdsalta.gob.ar\/wp-content\/uploads\/2025\/07\/icono003.png\" alt=\"\" class=\"uag-image-1530\" width=\"200\" height=\"200\" title=\"Mediaci\u00f3n\" loading=\"lazy\" role=\"img\" \/><\/a><\/figure><\/div>\n<\/div>\n\n\n\n<div class=\"wp-block-column is-layout-flow wp-block-column-is-layout-flow\">\n<div class=\"wp-block-uagb-image uagb-block-dd819016 wp-block-uagb-image--layout-default wp-block-uagb-image--effect-zoomin wp-block-uagb-image--align-none\"><figure class=\"wp-block-uagb-image__figure\"><a class=\"\" href=\"https:\/\/cdsalta.gob.ar\/index.php\/casos-de-violencia\/\" target=\"_blank\" rel=\"noreferrer noopener\"><img decoding=\"async\" src=\"https:\/\/cdsalta.gob.ar\/wp-content\/uploads\/2025\/07\/icono005.png\" alt=\"\" class=\"uag-image-1528\" width=\"200\" height=\"200\" title=\"Asesoramiento\" loading=\"lazy\" role=\"img\" \/><\/a><\/figure><\/div>\n<\/div>\n\n\n\n<div class=\"wp-block-column is-layout-flow wp-block-column-is-layout-flow\">\n<div class=\"wp-block-uagb-image uagb-block-bd2e9d4e wp-block-uagb-image--layout-default wp-block-uagb-image--effect-zoomin wp-block-uagb-image--align-none\"><figure class=\"wp-block-uagb-image__figure\"><a class=\"\" href=\"https:\/\/cdsalta.gob.ar\/index.php\/siniestros-viales\/\" target=\"_blank\" rel=\"noreferrer noopener\"><img decoding=\"async\" src=\"https:\/\/cdsalta.gob.ar\/wp-content\/uploads\/2025\/07\/icono002.png\" alt=\"\" class=\"uag-image-1531\" width=\"200\" height=\"200\" title=\"Siniestros Viales\" loading=\"lazy\" role=\"img\" \/><\/a><\/figure><\/div>\n<\/div>\n\n\n\n<div class=\"wp-block-column is-layout-flow wp-block-column-is-layout-flow\">\n<div class=\"wp-block-uagb-image uagb-block-d1d7e8f6 wp-block-uagb-image--layout-default wp-block-uagb-image--effect-zoomin wp-block-uagb-image--align-none\"><figure class=\"wp-block-uagb-image__figure\"><a class=\"\" href=\"https:\/\/cdsalta.gob.ar\/index.php\/telefonos\/\" target=\"_blank\" rel=\"noreferrer noopener\"><img decoding=\"async\" src=\"https:\/\/cdsalta.gob.ar\/wp-content\/uploads\/2025\/07\/icono001.png\" alt=\"\" class=\"uag-image-1532\" width=\"200\" height=\"200\" title=\"Tel\u00e9fonos\" loading=\"lazy\" role=\"img\" \/><\/a><\/figure><\/div>\n<\/div>\n<\/div>\n<\/div>\n\n\n\n<div class=\"wp-block-uagb-container uagb-block-4c4c3bd9 alignfull uagb-is-root-container\">\n<div class=\"wp-block-uagb-advanced-heading uagb-block-7b88918b\"><h2 class=\"uagb-heading-text\">\u00daltimas Noticias<\/h2><\/div>\n<\/div>\n\n\n\n<div class=\"wp-block-uagb-container uagb-block-03b6ab67 alignwide uagb-is-root-container\">\n\t\t\t<div class=\"wp-block-uagb-post-grid uagb-post-grid  uagb-post__image-position-top uagb-post__image-enabled uagb-block-2c3daf8e     uagb-post__items uagb-post__columns-3 is-grid uagb-post__columns-tablet-2 uagb-post__columns-mobile-1 uagb-post__equal-height uagb-equal_height_inline-read-more-buttons\" data-total=\"240\" style=\"\">\n\n\t\t\t\t\t\t\t\t\t\t\t\t<article class=\"uagb-post__inner-wrap\">\t\t\t\t\t\t\t\t<div class='uagb-post__image'>\n\t\t\t\t\t\t\t\t\t<a href=\"https:\/\/cdsalta.gob.ar\/index.php\/2026\/08\/28\/concejales-y-personal-jerarquico-finalizo-hoy-la-capacitacion-sobre-perspectiva-de-genero\/\" target=\"_blank\" rel=\"bookmark noopener noreferrer\" class='uagb-image-ratio-inherit'><img loading=\"lazy\" decoding=\"async\" width=\"800\" height=\"534\" src=\"https:\/\/cdsalta.gob.ar\/wp-content\/uploads\/2026\/08\/55493569468_8921221902_c.jpg\" class=\"attachment-large size-large\" alt=\"\" srcset=\"https:\/\/cdsalta.gob.ar\/wp-content\/uploads\/2026\/08\/55493569468_8921221902_c.jpg 800w, https:\/\/cdsalta.gob.ar\/wp-content\/uploads\/2026\/08\/55493569468_8921221902_c-300x200.jpg 300w, https:\/\/cdsalta.gob.ar\/wp-content\/uploads\/2026\/08\/55493569468_8921221902_c-768x513.jpg 768w\" sizes=\"auto, (max-width: 800px) 100vw, 800px\" \/>\t\t\t\t\t<\/a>\n\t\t\t\t\t\t\t<\/div>\n\t\t\t\t\t\t<h4 class=\"uagb-post__title uagb-post__text\">\n\t\t\t\t<a href=\"https:\/\/cdsalta.gob.ar\/index.php\/2026\/08\/28\/concejales-y-personal-jerarquico-finalizo-hoy-la-capacitacion-sobre-perspectiva-de-genero\/\" target=\"_blank\" rel=\"bookmark noopener noreferrer\"><span style='font-size:16px;font-weight:normal;'>En cumplimiento de la Ley Micaela y Ordenanzas municipales<\/span> <br> <span style='font-size:20px;font-weight:bold;'>Concejales y personal jer\u00e1rquico finaliz\u00f3 hoy  la capacitaci\u00f3n sobre perspectiva de g\u00e9nero<\/span><\/a>\n\t\t\t<\/h4>\n\t\t\t\t\t\t<div class='uagb-post__text uagb-post-grid-byline'>\n\t\t\t\t\t\t\t\t<time datetime=\"2026-08-28T12:55:25-03:00\" class=\"uagb-post__date\">\n\t\t\t\t<span class=\"dashicons-calendar dashicons\"><\/span>\t\t\t\t\t28 agosto, 2026\t\t\t\t<\/time>\n\t\t\t\t\t\t<\/div>\n\t\t\t\t\t\t\t<div class='uagb-post__text uagb-post__excerpt'>\n\t\t\t\t\t<p>Esta ma\u00f1ana finalizaron las capacitaciones destinadas a concejales y personal jer\u00e1rquico del Concejo Deliberante, desarrolladas en el marco de las&#8230;\t\t\t\t<\/div>\n\t\t\t\t\t\t<div class=\"uagb-post__text uagb-post__cta wp-block-button\">\n\t\t\t\t<a class=\"wp-block-button__link uagb-text-link\" style=\"\" href=\"https:\/\/cdsalta.gob.ar\/index.php\/2026\/08\/28\/concejales-y-personal-jerarquico-finalizo-hoy-la-capacitacion-sobre-perspectiva-de-genero\/\" target=\"_blank\" rel=\"bookmark noopener noreferrer\">Ver m\u00e1s<\/a>\n\t\t\t<\/div>\n\t\t\t\n\t\t\t\t\t\t\t\t\t<\/article>\n\t\t\t\t\t\t\t\t\t\t\t\t\t\t\t\t<article class=\"uagb-post__inner-wrap\">\t\t\t\t\t\t\t\t<div class='uagb-post__image'>\n\t\t\t\t\t\t\t\t\t<a href=\"https:\/\/cdsalta.gob.ar\/index.php\/2026\/08\/28\/convocan-al-secretario-de-transito-para-abordar-aspectos-vinculados-a-la-instalacion-de-nomencladores\/\" target=\"_blank\" rel=\"bookmark noopener noreferrer\" class='uagb-image-ratio-inherit'><img loading=\"lazy\" decoding=\"async\" width=\"799\" height=\"533\" src=\"https:\/\/cdsalta.gob.ar\/wp-content\/uploads\/2026\/08\/55485310705_838b6588d9_c.jpg\" class=\"attachment-large size-large\" alt=\"\" srcset=\"https:\/\/cdsalta.gob.ar\/wp-content\/uploads\/2026\/08\/55485310705_838b6588d9_c.jpg 799w, https:\/\/cdsalta.gob.ar\/wp-content\/uploads\/2026\/08\/55485310705_838b6588d9_c-300x200.jpg 300w, https:\/\/cdsalta.gob.ar\/wp-content\/uploads\/2026\/08\/55485310705_838b6588d9_c-768x512.jpg 768w\" sizes=\"auto, (max-width: 799px) 100vw, 799px\" \/>\t\t\t\t\t<\/a>\n\t\t\t\t\t\t\t<\/div>\n\t\t\t\t\t\t<h4 class=\"uagb-post__title uagb-post__text\">\n\t\t\t\t<a href=\"https:\/\/cdsalta.gob.ar\/index.php\/2026\/08\/28\/convocan-al-secretario-de-transito-para-abordar-aspectos-vinculados-a-la-instalacion-de-nomencladores\/\" target=\"_blank\" rel=\"bookmark noopener noreferrer\"><span style='font-size:16px;font-weight:normal;'>En Comisi\u00f3n de Tr\u00e1nsito, Transporte y Seguridad Vial<\/span> <br> <span style='font-size:20px;font-weight:bold;'>Convocan al secretario de Tr\u00e1nsito para abordar aspectos vinculados a la instalaci\u00f3n de nomencladores<\/span><\/a>\n\t\t\t<\/h4>\n\t\t\t\t\t\t<div class='uagb-post__text uagb-post-grid-byline'>\n\t\t\t\t\t\t\t\t<time datetime=\"2026-08-28T12:55:23-03:00\" class=\"uagb-post__date\">\n\t\t\t\t<span class=\"dashicons-calendar dashicons\"><\/span>\t\t\t\t\t28 agosto, 2026\t\t\t\t<\/time>\n\t\t\t\t\t\t<\/div>\n\t\t\t\t\t\t\t<div class='uagb-post__text uagb-post__excerpt'>\n\t\t\t\t\t<p>La Comisi\u00f3n de Tr\u00e1nsito, Transporte y Seguridad Vial convoc\u00f3 a la reuni\u00f3n que se llevar\u00e1 adelante este lunes 31 a&#8230;\t\t\t\t<\/div>\n\t\t\t\t\t\t<div class=\"uagb-post__text uagb-post__cta wp-block-button\">\n\t\t\t\t<a class=\"wp-block-button__link uagb-text-link\" style=\"\" href=\"https:\/\/cdsalta.gob.ar\/index.php\/2026\/08\/28\/convocan-al-secretario-de-transito-para-abordar-aspectos-vinculados-a-la-instalacion-de-nomencladores\/\" target=\"_blank\" rel=\"bookmark noopener noreferrer\">Ver m\u00e1s<\/a>\n\t\t\t<\/div>\n\t\t\t\n\t\t\t\t\t\t\t\t\t<\/article>\n\t\t\t\t\t\t\t\t\t\t\t\t\t\t\t\t<article class=\"uagb-post__inner-wrap\">\t\t\t\t\t\t\t\t<div class='uagb-post__image'>\n\t\t\t\t\t\t\t\t\t<a href=\"https:\/\/cdsalta.gob.ar\/index.php\/2026\/08\/28\/cerca-de-50-alumnos-del-colegio-juana-manuela-gorriti-participaron-de-un-nuevo-encuentro-del-programa-concejales-por-un-dia\/\" target=\"_blank\" rel=\"bookmark noopener noreferrer\" class='uagb-image-ratio-inherit'><img loading=\"lazy\" decoding=\"async\" width=\"800\" height=\"533\" src=\"https:\/\/cdsalta.gob.ar\/wp-content\/uploads\/2026\/08\/55493455821_09b1e2ee52_c.jpg\" class=\"attachment-large size-large\" alt=\"\" srcset=\"https:\/\/cdsalta.gob.ar\/wp-content\/uploads\/2026\/08\/55493455821_09b1e2ee52_c.jpg 800w, https:\/\/cdsalta.gob.ar\/wp-content\/uploads\/2026\/08\/55493455821_09b1e2ee52_c-300x200.jpg 300w, https:\/\/cdsalta.gob.ar\/wp-content\/uploads\/2026\/08\/55493455821_09b1e2ee52_c-768x512.jpg 768w\" sizes=\"auto, (max-width: 800px) 100vw, 800px\" \/>\t\t\t\t\t<\/a>\n\t\t\t\t\t\t\t<\/div>\n\t\t\t\t\t\t<h4 class=\"uagb-post__title uagb-post__text\">\n\t\t\t\t<a href=\"https:\/\/cdsalta.gob.ar\/index.php\/2026\/08\/28\/cerca-de-50-alumnos-del-colegio-juana-manuela-gorriti-participaron-de-un-nuevo-encuentro-del-programa-concejales-por-un-dia\/\" target=\"_blank\" rel=\"bookmark noopener noreferrer\"><span style='font-size:16px;font-weight:normal;'>La actividad busca interiorizar a los j\u00f3venes sobre la labor legislativa del CD<\/span> <br> <span style='font-size:20px;font-weight:bold;'>Cerca de 50 alumnos del Colegio Juana Manuela Gorriti participaron de un nuevo encuentro del programa Concejales por un D\u00eda<\/span><\/a>\n\t\t\t<\/h4>\n\t\t\t\t\t\t<div class='uagb-post__text uagb-post-grid-byline'>\n\t\t\t\t\t\t\t\t<time datetime=\"2026-08-28T12:55:21-03:00\" class=\"uagb-post__date\">\n\t\t\t\t<span class=\"dashicons-calendar dashicons\"><\/span>\t\t\t\t\t28 agosto, 2026\t\t\t\t<\/time>\n\t\t\t\t\t\t<\/div>\n\t\t\t\t\t\t\t<div class='uagb-post__text uagb-post__excerpt'>\n\t\t\t\t\t<p>Esta ma\u00f1ana, el Concejo Deliberante recibi\u00f3 a 47 estudiantes del Colegio Juana Manuela Gorriti, quienes participaron de un nuevo encuentro&#8230;\t\t\t\t<\/div>\n\t\t\t\t\t\t<div class=\"uagb-post__text uagb-post__cta wp-block-button\">\n\t\t\t\t<a class=\"wp-block-button__link uagb-text-link\" style=\"\" href=\"https:\/\/cdsalta.gob.ar\/index.php\/2026\/08\/28\/cerca-de-50-alumnos-del-colegio-juana-manuela-gorriti-participaron-de-un-nuevo-encuentro-del-programa-concejales-por-un-dia\/\" target=\"_blank\" rel=\"bookmark noopener noreferrer\">Ver m\u00e1s<\/a>\n\t\t\t<\/div>\n\t\t\t\n\t\t\t\t\t\t\t\t\t<\/article>\n\t\t\t\t\t\t\t\t\t\t\t\t\t\t\t\t<article class=\"uagb-post__inner-wrap\">\t\t\t\t\t\t\t\t<div class='uagb-post__image'>\n\t\t\t\t\t\t\t\t\t<a href=\"https:\/\/cdsalta.gob.ar\/index.php\/2026\/08\/28\/reuniones-de-comision-106\/\" target=\"_blank\" rel=\"bookmark noopener noreferrer\" class='uagb-image-ratio-inherit'><img loading=\"lazy\" decoding=\"async\" width=\"640\" height=\"447\" src=\"https:\/\/cdsalta.gob.ar\/wp-content\/uploads\/2025\/10\/edificio.jpg\" class=\"attachment-large size-large\" alt=\"\" srcset=\"https:\/\/cdsalta.gob.ar\/wp-content\/uploads\/2025\/10\/edificio.jpg 640w, https:\/\/cdsalta.gob.ar\/wp-content\/uploads\/2025\/10\/edificio-300x210.jpg 300w\" sizes=\"auto, (max-width: 640px) 100vw, 640px\" \/>\t\t\t\t\t<\/a>\n\t\t\t\t\t\t\t<\/div>\n\t\t\t\t\t\t<h4 class=\"uagb-post__title uagb-post__text\">\n\t\t\t\t<a href=\"https:\/\/cdsalta.gob.ar\/index.php\/2026\/08\/28\/reuniones-de-comision-106\/\" target=\"_blank\" rel=\"bookmark noopener noreferrer\"><span style='font-size:16px;font-weight:normal;'>Lunes 31 de agosto<\/span> <br> <span style='font-size:20px;font-weight:bold;'>Reuniones de Comisi\u00f3n<\/span><\/a>\n\t\t\t<\/h4>\n\t\t\t\t\t\t<div class='uagb-post__text uagb-post-grid-byline'>\n\t\t\t\t\t\t\t\t<time datetime=\"2026-08-28T12:55:17-03:00\" class=\"uagb-post__date\">\n\t\t\t\t<span class=\"dashicons-calendar dashicons\"><\/span>\t\t\t\t\t28 agosto, 2026\t\t\t\t<\/time>\n\t\t\t\t\t\t<\/div>\n\t\t\t\t\t\t\t<div class='uagb-post__text uagb-post__excerpt'>\n\t\t\t\t\t<p>De acuerdo a lo informado por los presidentes de las diferentes Comisiones, se realizar\u00e1n, las siguientes reuniones: &nbsp; Tr\u00e1nsito, Transporte&#8230;\t\t\t\t<\/div>\n\t\t\t\t\t\t<div class=\"uagb-post__text uagb-post__cta wp-block-button\">\n\t\t\t\t<a class=\"wp-block-button__link uagb-text-link\" style=\"\" href=\"https:\/\/cdsalta.gob.ar\/index.php\/2026\/08\/28\/reuniones-de-comision-106\/\" target=\"_blank\" rel=\"bookmark noopener noreferrer\">Ver m\u00e1s<\/a>\n\t\t\t<\/div>\n\t\t\t\n\t\t\t\t\t\t\t\t\t<\/article>\n\t\t\t\t\t\t\t\t\t\t\t\t\t\t\t\t<article class=\"uagb-post__inner-wrap\">\t\t\t\t\t\t\t\t<div class='uagb-post__image'>\n\t\t\t\t\t\t\t\t\t<a href=\"https:\/\/cdsalta.gob.ar\/index.php\/2026\/08\/27\/en-los-mastiles-del-cd-se-realizo-el-izamiento-de-la-bandera-de-la-republica-oriental-del-uruguay-2\/\" target=\"_blank\" rel=\"bookmark noopener noreferrer\" class='uagb-image-ratio-inherit'><img loading=\"lazy\" decoding=\"async\" width=\"799\" height=\"533\" src=\"https:\/\/cdsalta.gob.ar\/wp-content\/uploads\/2026\/08\/55491730324_e498836d83_c.jpg\" class=\"attachment-large size-large\" alt=\"\" srcset=\"https:\/\/cdsalta.gob.ar\/wp-content\/uploads\/2026\/08\/55491730324_e498836d83_c.jpg 799w, https:\/\/cdsalta.gob.ar\/wp-content\/uploads\/2026\/08\/55491730324_e498836d83_c-300x200.jpg 300w, https:\/\/cdsalta.gob.ar\/wp-content\/uploads\/2026\/08\/55491730324_e498836d83_c-768x512.jpg 768w\" sizes=\"auto, (max-width: 799px) 100vw, 799px\" \/>\t\t\t\t\t<\/a>\n\t\t\t\t\t\t\t<\/div>\n\t\t\t\t\t\t<h4 class=\"uagb-post__title uagb-post__text\">\n\t\t\t\t<a href=\"https:\/\/cdsalta.gob.ar\/index.php\/2026\/08\/27\/en-los-mastiles-del-cd-se-realizo-el-izamiento-de-la-bandera-de-la-republica-oriental-del-uruguay-2\/\" target=\"_blank\" rel=\"bookmark noopener noreferrer\"><span style='font-size:16px;font-weight:normal;'>En conmemoraci\u00f3n del 201\u00ba aniversario de su Independencia<\/span> <br> <span style='font-size:20px;font-weight:bold;'>En los m\u00e1stiles del CD se realiz\u00f3 el izamiento de la bandera de la Rep\u00fablica Oriental del Uruguay<\/span><\/a>\n\t\t\t<\/h4>\n\t\t\t\t\t\t<div class='uagb-post__text uagb-post-grid-byline'>\n\t\t\t\t\t\t\t\t<time datetime=\"2026-08-27T13:39:50-03:00\" class=\"uagb-post__date\">\n\t\t\t\t<span class=\"dashicons-calendar dashicons\"><\/span>\t\t\t\t\t27 agosto, 2026\t\t\t\t<\/time>\n\t\t\t\t\t\t<\/div>\n\t\t\t\t\t\t\t<div class='uagb-post__text uagb-post__excerpt'>\n\t\t\t\t\t<p>Esta ma\u00f1ana, en el Concejo Deliberante, se llev\u00f3 a cabo el izamiento de la bandera de la Rep\u00fablica Oriental del&#8230;\t\t\t\t<\/div>\n\t\t\t\t\t\t<div class=\"uagb-post__text uagb-post__cta wp-block-button\">\n\t\t\t\t<a class=\"wp-block-button__link uagb-text-link\" style=\"\" href=\"https:\/\/cdsalta.gob.ar\/index.php\/2026\/08\/27\/en-los-mastiles-del-cd-se-realizo-el-izamiento-de-la-bandera-de-la-republica-oriental-del-uruguay-2\/\" target=\"_blank\" rel=\"bookmark noopener noreferrer\">Ver m\u00e1s<\/a>\n\t\t\t<\/div>\n\t\t\t\n\t\t\t\t\t\t\t\t\t<\/article>\n\t\t\t\t\t\t\t\t\t\t\t\t\t\t\t\t<article class=\"uagb-post__inner-wrap\">\t\t\t\t\t\t\t\t<div class='uagb-post__image'>\n\t\t\t\t\t\t\t\t\t<a href=\"https:\/\/cdsalta.gob.ar\/index.php\/2026\/08\/27\/nueva-reunion-de-la-comision-de-servicios-publicos-actividades-comerciales-y-privatizaciones\/\" target=\"_blank\" rel=\"bookmark noopener noreferrer\" class='uagb-image-ratio-inherit'><img loading=\"lazy\" decoding=\"async\" width=\"799\" height=\"533\" src=\"https:\/\/cdsalta.gob.ar\/wp-content\/uploads\/2026\/08\/55491560391_5c3b88e85f_c.jpg\" class=\"attachment-large size-large\" alt=\"\" srcset=\"https:\/\/cdsalta.gob.ar\/wp-content\/uploads\/2026\/08\/55491560391_5c3b88e85f_c.jpg 799w, https:\/\/cdsalta.gob.ar\/wp-content\/uploads\/2026\/08\/55491560391_5c3b88e85f_c-300x200.jpg 300w, https:\/\/cdsalta.gob.ar\/wp-content\/uploads\/2026\/08\/55491560391_5c3b88e85f_c-768x512.jpg 768w\" sizes=\"auto, (max-width: 799px) 100vw, 799px\" \/>\t\t\t\t\t<\/a>\n\t\t\t\t\t\t\t<\/div>\n\t\t\t\t\t\t<h4 class=\"uagb-post__title uagb-post__text\">\n\t\t\t\t<a href=\"https:\/\/cdsalta.gob.ar\/index.php\/2026\/08\/27\/nueva-reunion-de-la-comision-de-servicios-publicos-actividades-comerciales-y-privatizaciones\/\" target=\"_blank\" rel=\"bookmark noopener noreferrer\"><span style='font-size:16px;font-weight:normal;'>Otorgaron dictamen a un Proyecto de Resoluci\u00f3n y analizaron uno de Ordenanza<\/span> <br> <span style='font-size:20px;font-weight:bold;'>Nueva reuni\u00f3n de la Comisi\u00f3n de Servicios P\u00fablicos, Actividades Comerciales y Privatizaciones<\/span><\/a>\n\t\t\t<\/h4>\n\t\t\t\t\t\t<div class='uagb-post__text uagb-post-grid-byline'>\n\t\t\t\t\t\t\t\t<time datetime=\"2026-08-27T13:39:24-03:00\" class=\"uagb-post__date\">\n\t\t\t\t<span class=\"dashicons-calendar dashicons\"><\/span>\t\t\t\t\t27 agosto, 2026\t\t\t\t<\/time>\n\t\t\t\t\t\t<\/div>\n\t\t\t\t\t\t\t<div class='uagb-post__text uagb-post__excerpt'>\n\t\t\t\t\t<p>Esta ma\u00f1ana, los concejales que integran la Comisi\u00f3n de Servicios P\u00fablicos, Actividades Comerciales y Privatizaciones otorgaron dictamen favorable a un&#8230;\t\t\t\t<\/div>\n\t\t\t\t\t\t<div class=\"uagb-post__text uagb-post__cta wp-block-button\">\n\t\t\t\t<a class=\"wp-block-button__link uagb-text-link\" style=\"\" href=\"https:\/\/cdsalta.gob.ar\/index.php\/2026\/08\/27\/nueva-reunion-de-la-comision-de-servicios-publicos-actividades-comerciales-y-privatizaciones\/\" target=\"_blank\" rel=\"bookmark noopener noreferrer\">Ver m\u00e1s<\/a>\n\t\t\t<\/div>\n\t\t\t\n\t\t\t\t\t\t\t\t\t<\/article>\n\t\t\t\t\t\t\t\t\t\t\t\t\t<div class=\"uagb-post-pagination-wrap\">\n\t\t\t\t\t\t\t\t\t\t\t<\/div>\n\t\t\t\t\t\t\t\t<\/div>\n\t\t\t\n\n\n<div class=\"wp-block-uagb-buttons uagb-buttons__outer-wrap uagb-btn__default-btn uagb-btn-tablet__default-btn uagb-btn-mobile__default-btn uagb-block-e6a33e4e\"><div class=\"uagb-buttons__wrap uagb-buttons-layout-wrap \">\n<div class=\"wp-block-uagb-buttons-child uagb-buttons__outer-wrap uagb-block-52d8ed34 wp-block-button\"><div class=\"uagb-button__wrapper\"><a class=\"uagb-buttons-repeater wp-block-button__link\" aria-label=\"\" href=\"https:\/\/cdsalta.gob.ar\/index.php\/noticias\/\" rel=\"follow noopener\" target=\"_self\" role=\"button\"><div class=\"uagb-button__link\">M\u00e1s Noticias<\/div><\/a><\/div><\/div>\n<\/div><\/div>\n<\/div>\n\n\n\n<div class=\"wp-block-uagb-container uag-hide-mob uagb-block-0318d0f5 default uagb-is-root-container\"><div class=\"uagb-container__video-wrap\"><video autoplay loop muted playsinline><source src=\"https:\/\/cdsalta.gob.ar\/wp-content\/uploads\/2025\/06\/separador.mp4\" type=\"video\/mp4\"\/><\/video><\/div><\/div>\n\n\n\n<div class=\"wp-block-uagb-container uagb-block-74ea2c9b alignfull uagb-is-root-container\"><div class=\"uagb-container-inner-blocks-wrap\">\n<h1 class=\"wp-block-heading has-text-align-center has-text-color has-link-color wp-elements-1\" style=\"color:#3880b4;margin-top:0;margin-bottom:0;font-size:50px\"><a href=\"https:\/\/www.youtube.com\/@ConcejoSalta\" style=\"text-decoration: none\" data-type=\"link\" data-id=\"https:\/\/www.youtube.com\/@ConcejoSalta\">Videos<\/a><\/h1>\n<\/div><\/div>\n\n\n\n<div class=\"wp-block-uagb-container uagb-block-2e42b4f1 alignwide uagb-is-root-container\">\n<figure class=\"wp-block-embed is-type-video is-provider-youtube wp-block-embed-youtube wp-embed-aspect-4-3 wp-has-aspect-ratio\" style=\"margin-top:0;margin-right:0;margin-bottom:0;margin-left:0\"><div class=\"wp-block-embed__wrapper\">\n<iframe loading=\"lazy\" title=\"SESI\u00d3N ORDINARIA - 26\/8\/2026\" width=\"500\" height=\"281\" src=\"https:\/\/www.youtube.com\/embed\/byrdM0WHULk?feature=oembed\" frameborder=\"0\" allow=\"accelerometer; autoplay; clipboard-write; encrypted-media; gyroscope; picture-in-picture; web-share\" referrerpolicy=\"strict-origin-when-cross-origin\" allowfullscreen><\/iframe>\n<\/div><\/figure>\n<\/div>\n\n\n\n<div class=\"wp-block-uagb-container uagb-block-a5194e8f alignwide uagb-is-root-container\">\n<div class=\"wp-block-uagb-container uagb-block-b82747fa\">\n<figure class=\"wp-block-embed is-type-video is-provider-youtube wp-block-embed-youtube wp-embed-aspect-16-9 wp-has-aspect-ratio\"><div class=\"wp-block-embed__wrapper\">\n<iframe loading=\"lazy\" title=\"El CD destac\u00f3 los 40 a\u00f1os de Trayectoria en el \u00e1mbito de la salud de la Lic. Margarita Quispe\" width=\"500\" height=\"281\" src=\"https:\/\/www.youtube.com\/embed\/rNsttswik6A?feature=oembed\" frameborder=\"0\" allow=\"accelerometer; autoplay; clipboard-write; encrypted-media; gyroscope; picture-in-picture; web-share\" referrerpolicy=\"strict-origin-when-cross-origin\" allowfullscreen><\/iframe>\n<\/div><\/figure>\n<\/div>\n\n\n\n<div class=\"wp-block-uagb-container uagb-block-ad2077fc\">\n<figure class=\"wp-block-embed is-type-video is-provider-youtube wp-block-embed-youtube wp-embed-aspect-16-9 wp-has-aspect-ratio\"><div class=\"wp-block-embed__wrapper\">\n<iframe loading=\"lazy\" title=\"En Plenario, analizaron el Proyecto que busca prohibir la venta de bebidas energizantes a menores\" width=\"500\" height=\"281\" src=\"https:\/\/www.youtube.com\/embed\/S3gB0GcVB_E?feature=oembed\" frameborder=\"0\" allow=\"accelerometer; autoplay; clipboard-write; encrypted-media; gyroscope; picture-in-picture; web-share\" referrerpolicy=\"strict-origin-when-cross-origin\" allowfullscreen><\/iframe>\n<\/div><\/figure>\n<\/div>\n\n\n\n<div class=\"wp-block-uagb-container uagb-block-bf347020\">\n<figure class=\"wp-block-embed is-type-video is-provider-youtube wp-block-embed-youtube wp-embed-aspect-16-9 wp-has-aspect-ratio\"><div class=\"wp-block-embed__wrapper\">\n<iframe loading=\"lazy\" title=\"Distinguieron a Marta Andrea Rodr\u00edguez por su labor en la est\u00e9tica capilar femenina\" width=\"500\" height=\"281\" src=\"https:\/\/www.youtube.com\/embed\/KuHCDbI30YE?feature=oembed\" frameborder=\"0\" allow=\"accelerometer; autoplay; clipboard-write; encrypted-media; gyroscope; picture-in-picture; web-share\" referrerpolicy=\"strict-origin-when-cross-origin\" allowfullscreen><\/iframe>\n<\/div><\/figure>\n<\/div>\n<\/div>\n\n\n\n<div class=\"wp-block-uagb-container uagb-block-c8ecf046 alignfull uagb-is-root-container\"><div class=\"uagb-container-inner-blocks-wrap\">\n<h1 class=\"wp-block-heading has-text-align-center has-text-color has-link-color wp-elements-2\" style=\"color:#3880b4;margin-top:0;margin-bottom:0;font-size:50px\"><a href=\"https:\/\/www.flickr.com\/photos\/prensacdsalta\/\" style=\"text-decoration: none\" data-type=\"link\" data-id=\"https:\/\/www.flickr.com\/photos\/prensacdsalta\/\">Galer\u00eda de Fotos<\/a><\/h1>\n<\/div><\/div>\n\n\n\n<div class=\"wp-block-uagb-container uagb-block-04f4f444 default uagb-is-root-container\">\n<div class=\"wp-block-uagb-container uagb-block-b6a037a3\">\n<a data-flickr-embed=\"true\" href=\"https:\/\/www.flickr.com\/photos\/prensacdsalta\/albums\/72177720335339934\" title=\"Sesion Ordinaria N\u00aa 22 en el CD de Salta (26-08-26)\"><img loading=\"lazy\" decoding=\"async\" src=\"https:\/\/live.staticflickr.com\/65535\/55490365243_5457bff2ba_h.jpg\" width=\"1600\" height=\"1200\" alt=\"Sesion Ordinaria N\u00aa 22 en el CD de Salta (26-08-26)\"\/><\/a><script async src=\"\/\/embedr.flickr.com\/assets\/client-code.js\" charset=\"utf-8\"><\/script>\n<\/div>\n\n\n\n<div class=\"wp-block-uagb-container uagb-block-f27efdcc\">\n<a data-flickr-embed=\"true\" href=\"https:\/\/www.flickr.com\/photos\/prensacdsalta\/albums\/72177720335288803\" title=\"Comisi\u00f3n de Disciplina y juicio pol\u00edtico (24-08-26\"><img loading=\"lazy\" decoding=\"async\" src=\"https:\/\/live.staticflickr.com\/65535\/55485435319_344994a5f4_h.jpg\" width=\"1600\" height=\"1200\" alt=\"Comisi\u00f3n de Disciplina y juicio pol\u00edtico (24-08-26\"\/><\/a><script async src=\"\/\/embedr.flickr.com\/assets\/client-code.js\" charset=\"utf-8\"><\/script>\n<\/div>\n\n\n\n<div class=\"wp-block-uagb-container uagb-block-413568a9\">\n<a data-flickr-embed=\"true\" href=\"https:\/\/www.flickr.com\/photos\/prensacdsalta\/albums\/72177720335215321\" title=\"Acto apertura &quot;Expo Rural Salta 2026&quot; (20-08-26)\"><img loading=\"lazy\" decoding=\"async\" src=\"https:\/\/live.staticflickr.com\/65535\/55477097335_1ba01e1b1e_b.jpg\" width=\"1600\" height=\"1200\" alt=\"Acto apertura &quot;Expo Rural Salta 2026&quot; (20-08-26)\"\/><\/a><script async src=\"\/\/embedr.flickr.com\/assets\/client-code.js\" charset=\"utf-8\"><\/script>\n<\/div>\n\n\n\n<div class=\"wp-block-uagb-container uagb-block-c07e42ac\">\n<a data-flickr-embed=\"true\" href=\"https:\/\/www.flickr.com\/photos\/prensacdsalta\/albums\/72177720335315251\" title=\"El CD Destac\u00f2 la Trayectoria de la Lic. Margarita\"><img loading=\"lazy\" decoding=\"async\" src=\"https:\/\/live.staticflickr.com\/65535\/55490597970_0f5b9696b9_h.jpg\" width=\"1600\" height=\"1200\" alt=\"El CD Destac\u00f2 la Trayectoria de la Lic. Margarita\"\/><\/a><script async src=\"\/\/embedr.flickr.com\/assets\/client-code.js\" charset=\"utf-8\"><\/script>\n<\/div>\n\n\n\n<div class=\"wp-block-uagb-container uagb-block-0abacf8c\">\n<a data-flickr-embed=\"true\" href=\"https:\/\/www.flickr.com\/photos\/prensacdsalta\/albums\/72177720335224457\" title=\"Programa Concejales por un d\u00eda (21-08-26)\"><img loading=\"lazy\" decoding=\"async\" src=\"https:\/\/live.staticflickr.com\/65535\/55478506694_ff222511fb_h.jpg\" width=\"1600\" height=\"1200\" alt=\"Programa Concejales por un d\u00eda (21-08-26)\"\/><\/a><script async src=\"\/\/embedr.flickr.com\/assets\/client-code.js\" charset=\"utf-8\"><\/script>\n<\/div>\n\n\n\n<div class=\"wp-block-uagb-container uagb-block-2d75a955\">\n<a data-flickr-embed=\"true\" href=\"https:\/\/www.flickr.com\/photos\/prensacdsalta\/albums\/72177720335327608\" title=\"El CD Reconoci\u00f3  la Destacada Trayectoria Profesio\"><img loading=\"lazy\" decoding=\"async\" src=\"https:\/\/live.staticflickr.com\/65535\/55490374059_d857d37887_h.jpg\" width=\"1600\" height=\"1200\" alt=\"El CD Reconoci\u00f3  la Destacada Trayectoria Profesio\"\/><\/a><script async src=\"\/\/embedr.flickr.com\/assets\/client-code.js\" charset=\"utf-8\"><\/script>\n<\/div>\n<\/div>\n\n\n\n<div class=\"wp-block-uagb-container uagb-block-0778e561 alignwide uagb-is-root-container\"><div class=\"uagb-container__video-wrap\"><\/div>\n<div class=\"alignnormal\"><div id=\"metaslider-id-99\" style=\"width: 100%;\" class=\"ml-slider-3-111-2 metaslider metaslider-flex metaslider-99 ml-slider hide-navigation-smartphone hide-navigation-tablet hide-navigation-laptop hide-navigation-desktop has-dots-nav ms-theme-simply-dark\" role=\"region\" aria-label=\"Inicio\" data-height=\"450\" data-width=\"1920\">\n    <div id=\"metaslider_container_99\">\n        <div id=\"metaslider_99\">\n            <ul class='slides'>\n                <li style=\"display: block; width: 100%;\" class=\"slide-2190 ms-image \" aria-roledescription=\"slide\" data-date=\"2025-09-02 08:06:43\" data-filename=\"Defensoria-del-pueblo-2025-1080x260-nvo-1080x253.png\" data-slide-type=\"image\"><a href=\"https:\/\/www.facebook.com\/share\/157Hdn6KTnB\/\" target=\"_blank\" aria-label=\"Ver detalles de la diapositiva\" class=\"metaslider_image_link\"><img loading=\"lazy\" decoding=\"async\" src=\"https:\/\/cdsalta.gob.ar\/wp-content\/uploads\/2025\/09\/Defensoria-del-pueblo-2025-1080x260-nvo-1080x253.png\" height=\"450\" width=\"1920\" alt=\"\" class=\"slider-99 slide-2190 msDefaultImage\" title=\"Defensor\u00eda del pueblo 2025 1080x260 nvo\" \/><\/a><\/li>\n                <li style=\"display: none; width: 100%;\" class=\"slide-2192 ms-image \" aria-roledescription=\"slide\" data-date=\"2025-09-02 08:06:43\" data-filename=\"Becas-Prof-Cordoba-2025-1080x260-nvo-1080x253.png\" data-slide-type=\"image\"><a href=\"http:\/\/cdsalta.gob.ar\/index.php\/becas-cordoba\/\" target=\"_blank\" aria-label=\"Ver detalles de la diapositiva\" class=\"metaslider_image_link\"><img loading=\"lazy\" decoding=\"async\" src=\"https:\/\/cdsalta.gob.ar\/wp-content\/uploads\/2025\/09\/Becas-Prof-Cordoba-2025-1080x260-nvo-1080x253.png\" height=\"450\" width=\"1920\" alt=\"\" class=\"slider-99 slide-2192 msDefaultImage\" title=\"Becas Prof C\u00f3rdoba 2025 1080x260 nvo\" \/><\/a><\/li>\n                <li style=\"display: none; width: 100%;\" class=\"slide-2193 ms-image \" aria-roledescription=\"slide\" data-date=\"2025-09-02 08:06:43\" data-filename=\"Concejales-por-un-dia-2025-1080x260-nvo-1080x253.png\" data-slide-type=\"image\"><a href=\"http:\/\/cdsalta.gob.ar\/index.php\/concejales-por-un-dia\/\" target=\"_blank\" aria-label=\"Ver detalles de la diapositiva\" class=\"metaslider_image_link\"><img loading=\"lazy\" decoding=\"async\" src=\"https:\/\/cdsalta.gob.ar\/wp-content\/uploads\/2025\/09\/Concejales-por-un-dia-2025-1080x260-nvo-1080x253.png\" height=\"450\" width=\"1920\" alt=\"\" class=\"slider-99 slide-2193 msDefaultImage\" title=\"Concejales por un d\u00eda 2025 1080x260 nvo\" \/><\/a><\/li>\n                <li style=\"display: none; width: 100%;\" class=\"slide-7129 ms-image \" aria-roledescription=\"slide\" data-date=\"2026-06-12 13:22:05\" data-filename=\"Toma-de-Conc-personas-mayores-2026-1080x260-nvo-1080x253.png\" data-slide-type=\"image\"><img loading=\"lazy\" decoding=\"async\" src=\"https:\/\/cdsalta.gob.ar\/wp-content\/uploads\/2026\/06\/Toma-de-Conc-personas-mayores-2026-1080x260-nvo-1080x253.png\" height=\"450\" width=\"1920\" alt=\"\" class=\"slider-99 slide-7129 msDefaultImage\" title=\"Toma de Conc personas mayores 2026 1080x260 nvo\" \/><\/li>\n                <li style=\"display: none; width: 100%;\" class=\"slide-7130 ms-image \" aria-roledescription=\"slide\" data-date=\"2026-06-12 13:22:28\" data-filename=\"Dia-Municipal-contra-el-trabajo-infantil-2026-1080x260-nvo-1080x253.png\" data-slide-type=\"image\"><img loading=\"lazy\" decoding=\"async\" src=\"https:\/\/cdsalta.gob.ar\/wp-content\/uploads\/2026\/06\/Dia-Municipal-contra-el-trabajo-infantil-2026-1080x260-nvo-1080x253.png\" height=\"450\" width=\"1920\" alt=\"\" class=\"slider-99 slide-7130 msDefaultImage\" title=\"D\u00eda Municipal contra el trabajo infantil 2026 1080x260 nvo\" \/><\/li>\n            <\/ul>\n        <\/div>\n        \n    <\/div>\n<\/div><\/div>\n<\/div>\n","protected":false},"excerpt":{"rendered":"<p>Servicios \u00daltimas Noticias Videos Galer\u00eda de Fotos<\/p>\n","protected":false},"author":6,"featured_media":0,"parent":0,"menu_order":0,"comment_status":"closed","ping_status":"closed","template":"","meta":{"_uag_custom_page_level_css":"","site-sidebar-layout":"default","site-content-layout":"","ast-site-content-layout":"","site-content-style":"default","site-sidebar-style":"default","ast-global-header-display":"","ast-banner-title-visibility":"","ast-main-header-display":"","ast-hfb-above-header-display":"","ast-hfb-below-header-display":"","ast-hfb-mobile-header-display":"","site-post-title":"disabled","ast-breadcrumbs-content":"","ast-featured-img":"","footer-sml-layout":"","ast-disable-related-posts":"","theme-transparent-header-meta":"","adv-header-id-meta":"","stick-header-meta":"","header-above-stick-meta":"","header-main-stick-meta":"","header-below-stick-meta":"","astra-migrate-meta-layouts":"default","ast-page-background-enabled":"default","ast-page-background-meta":{"desktop":{"background-color":"var(--ast-global-color-5)","background-image":"","background-repeat":"repeat","background-position":"center center","background-size":"auto","background-attachment":"scroll","background-type":"","background-media":"","overlay-type":"","overlay-color":"","overlay-opacity":"","overlay-gradient":""},"tablet":{"background-color":"","background-image":"","background-repeat":"repeat","background-position":"center center","background-size":"auto","background-attachment":"scroll","background-type":"","background-media":"","overlay-type":"","overlay-color":"","overlay-opacity":"","overlay-gradient":""},"mobile":{"background-color":"","background-image":"","background-repeat":"repeat","background-position":"center center","background-size":"auto","background-attachment":"scroll","background-type":"","background-media":"","overlay-type":"","overlay-color":"","overlay-opacity":"","overlay-gradient":""}},"ast-content-background-meta":{"desktop":{"background-color":"var(--ast-global-color-4)","background-image":"","background-repeat":"repeat","background-position":"center center","background-size":"auto","background-attachment":"scroll","background-type":"","background-media":"","overlay-type":"","overlay-color":"","overlay-opacity":"","overlay-gradient":""},"tablet":{"background-color":"var(--ast-global-color-4)","background-image":"","background-repeat":"repeat","background-position":"center center","background-size":"auto","background-attachment":"scroll","background-type":"","background-media":"","overlay-type":"","overlay-color":"","overlay-opacity":"","overlay-gradient":""},"mobile":{"background-color":"var(--ast-global-color-4)","background-image":"","background-repeat":"repeat","background-position":"center center","background-size":"auto","background-attachment":"scroll","background-type":"","background-media":"","overlay-type":"","overlay-color":"","overlay-opacity":"","overlay-gradient":""}},"footnotes":"","_members_access_role":[],"_members_access_error":""},"class_list":["post-8","page","type-page","status-publish","hentry"],"uagb_featured_image_src":{"full":false,"thumbnail":false,"medium":false,"medium_large":false,"large":false,"1536x1536":false,"2048x2048":false,"mailpoet_newsletter_max":false},"uagb_author_info":{"display_name":"SistemaCD","author_link":"https:\/\/cdsalta.gob.ar\/index.php\/author\/sistema\/"},"uagb_comment_info":0,"uagb_excerpt":"Servicios \u00daltimas Noticias Videos Galer\u00eda de Fotos","_links":{"self":[{"href":"https:\/\/cdsalta.gob.ar\/index.php\/wp-json\/wp\/v2\/pages\/8","targetHints":{"allow":["GET"]}}],"collection":[{"href":"https:\/\/cdsalta.gob.ar\/index.php\/wp-json\/wp\/v2\/pages"}],"about":[{"href":"https:\/\/cdsalta.gob.ar\/index.php\/wp-json\/wp\/v2\/types\/page"}],"author":[{"embeddable":true,"href":"https:\/\/cdsalta.gob.ar\/index.php\/wp-json\/wp\/v2\/users\/6"}],"replies":[{"embeddable":true,"href":"https:\/\/cdsalta.gob.ar\/index.php\/wp-json\/wp\/v2\/comments?post=8"}],"version-history":[{"count":357,"href":"https:\/\/cdsalta.gob.ar\/index.php\/wp-json\/wp\/v2\/pages\/8\/revisions"}],"predecessor-version":[{"id":8411,"href":"https:\/\/cdsalta.gob.ar\/index.php\/wp-json\/wp\/v2\/pages\/8\/revisions\/8411"}],"wp:attachment":[{"href":"https:\/\/cdsalta.gob.ar\/index.php\/wp-json\/wp\/v2\/media?parent=8"}],"curies":[{"name":"wp","href":"https:\/\/api.w.org\/{rel}","templated":true}]}}